{"id":9,"date":"2023-11-13T13:37:56","date_gmt":"2023-11-13T11:37:56","guid":{"rendered":"http:\/\/mariamartelli.ro\/?page_id=9"},"modified":"2026-01-19T13:05:46","modified_gmt":"2026-01-19T11:05:46","slug":"scris","status":"publish","type":"page","link":"https:\/\/mariamartelli.ro\/en\/scris\/","title":{"rendered":"Writing"},"content":{"rendered":"<h2>\n\t\tthe luckiest being\n\t<\/h2>\n\t<p>frACTalia, 2023<\/p>\n\t\t\t<img decoding=\"async\" loading='false' src=\"http:\/\/mariamartelli.ro\/wp-content\/uploads\/2023\/11\/Postari-coperta-fata.png\" alt=\"Copert\u0103 cea mai norocoas\u0103 fiin\u021b\u0103 FA\u021a\u0102. Un catel galben pe fundal negru. Poeme de Maria Martelli, ilustra\u021bii de Mina Mimosa, editura frACTalia.\" \/>\t\t\t\n\t\t\t<img decoding=\"async\" loading='false' src=\"http:\/\/mariamartelli.ro\/wp-content\/uploads\/2023\/11\/Postari-coperta-spate.png\" alt=\"Copert\u0103 cea mai norocoas\u0103 fiin\u021b\u0103 SPATE. Un catel negru pe fundal galben. Poeme de Maria Martelli. Cuvinte de Alina Purcaru, Carolina Vozian, Nora Ugron, Iulia Militaru.\" \/>\t\t\t\n\t\t\t<img decoding=\"async\" loading='false' src=\"http:\/\/mariamartelli.ro\/wp-content\/uploads\/2023\/11\/IMG_0914.jpeg\" alt=\"cea mai norocoas\u0103 fiin\u021b\u0103 - carte portocalie langa cafea cu lapte de soia.\" \/>\t\t\t\n\t\t\t<img decoding=\"async\" loading='false' src=\"http:\/\/mariamartelli.ro\/wp-content\/uploads\/2023\/11\/IMG_0717.jpeg\" alt=\"C\u0103r\u021bi po\u0219tale \u0219i cartea cea mai norocoas\u0103 fiin\u021b\u0103.\" \/>\t\t\t\n\t\t\t<img decoding=\"async\" loading='false' src=\"http:\/\/mariamartelli.ro\/wp-content\/uploads\/2024\/02\/IMG_1912.jpeg\" alt=\"\" \/>\t\t\t\n\t<p>Ve\u021bi g\u0103si \u00eentre aceste pagini ceea ce \u00eencerc s\u0103 cred: c\u0103 ne putem sim\u021bi, fiecare dintre noi, fiin\u021be norocoase, m\u0103car un timp. Poate c\u0103 nu azi sau m\u00e2ine. Poate c\u0103 am fost sau vom fi. Cur\u00e2nd? Nu \u0219tiu. Dar o dat\u0103 ce suntem \u00een via\u021b\u0103 &#8211; sper c\u0103 exist\u0103 ceva aici pentru noi, pe forma \u0219i pe limba noastr\u0103. Trebuie s\u0103 existe.<\/p>\n<p>By luck I mean: that moment when the air fills your lungs, without hesitation, without anxiety. That moment when every part of the world is expecting you. Even more, it sustains you. That moment when your shoulders drop, without any weight, and your whole body feels welcomed. Even more, it feels loved.<\/p>\n\t\t\t<p><em>Cuvinte hr\u0103nitoare, senine \u0219i limpezi, de citit-recitit, fac leg\u0103turile aparent invizibile dintre toate lucrurile s\u0103 str\u0103luceasc\u0103, \u0219i con\u0219tiin\u021ba interdependen\u021bei &#8211; s\u0103 creasc\u0103. <\/em><em>A prayer for a nondual spirituality that sees and mourns those lost, excluded, extinguished or scorched (by the fault of the capitalist Anthropocene), and at the same time creates reclaiming space for pleasure, play, craving, pawing, space for (just) being, together: a space of radical hope. Read it, you'll feel like a lucky being.<\/em><\/p><strong>Carolina Vozian<\/strong>\t\t\n\t\t\t<p><em>Maria Martelli's poetry is of the earth, of cherry trees, of d\u00fcr\u00fcm kebab made of seitan, of seedlings, rains and heatwaves, of the end of the world as we have known it until now, of the beginning of the world as we dream it together, human and non-human beings.<\/em><em>In the volume the relations between humans and so-called companion animals come to the fore, and I consider it the first volume of poetry of its kind in local literature. The verses written with and about the dogs Aki, Nuna, Mushi and Terra, as well as the cat Aria, are an exploration full of love, curiosity for each other and listening to what it means to live together as fairly as possible in an unfair world.<\/em><b>N\u00f3ra Ugron<\/b><\/p>\t\t\n\t\t\t<p><em>Foarte pu\u021bine texte contemporane, \u0219i cu at\u00e2t mai pu\u021bin cele de debut, se structureaz\u0103 \u00een jurul unui concept \u201ealunecos&#8221;, precum cel de \u201enoroc&#8221;. \u00cel numesc alunecos c\u0103ci poate cu u\u0219urin\u021b\u0103 s\u0103 cad\u0103 \u00eentr-un determinism problematic \u0219i s\u0103 anihileze agentivitatea celor \u201emai pu\u021bin noroco\u0219i&#8221;, bloc\u00e2nd formele de revolt\u0103 posibil\u0103. <\/em><em>\u00cen mod surprinz\u0103tor, Maria Martelli reu\u0219e\u0219te \u00een acest volum s\u0103 deturneze aceast\u0103 semnifica\u021bie \u0219i s\u0103 foloseasc\u0103 \u201enorocul&#8221; ca for\u021b\u0103 a ac\u021biunii celor mai vulnerabili, cei pe care lumea capitalist\u0103 \u00eei \u00eenchide \u00een cercul \u201einactivilor&#8221;.\u00a0<\/em><strong>\u00a0Iulia Militaru<\/strong><\/p>\t\t\n\t\t\t<p><em>A shimmering web of life is offered to us in this volume, in which destruction and extinction are set against a gentle horizon, radiating hope: that of living together and caring for all the bonds that sustain us.\u00a0<\/em><em>\u00cenv\u0103luit\u0103 \u00een man\u0219onul intimit\u0103\u021bii, aceast\u0103 poezie propune o pledoarie solid\u0103 pentru reg\u00e2ndirea lumii, \u00een era capitalocenului,\u00a0 \u0219i o interoga\u021bie esen\u021bial\u0103: &#8222;Cum am putea tr\u0103i cu to\u021bii mai bine? &#8222;.<\/em><strong>Alina Purcaru<\/strong><\/p>\t\t\n\t<p><strong>About my book or my writing.<\/strong><\/p>\n<p>Audio: <a href=\"https:\/\/podcasters.spotify.com\/pod\/show\/serile-radio-cluj\/episodes\/Poeta-Maria-Martelli-e2q0397\">Serile Radio Cluj<\/a> 12:19 (martie 2024);\u00a0 <a href=\"https:\/\/open.spotify.com\/episode\/4d9wIkfM2tRo1T70OnzPef?si=YBGU8aH3R0ClI_0Y392Q8A\">Timpul Prezent<\/a> 26:28 (Radio Rom\u00e2nia Cultural, octombrie 2024), <a href=\"https:\/\/www.radioromaniacultural.ro\/podcast\/lecturile-orasului\/lecturile-orasului-cea-mai-norocoasa-fiinta-de-maria-martelli-fractalia-2023-id41843.html\">Lecturile Ora\u0219ului<\/a> 6:40 (Radio Rom\u00e2nia Cultural, Ianuarie 2024).<\/p>\n<p>In writing: <a href=\"https:\/\/guramare.ro\/2024\/07\/06\/oracol-maria-martelli\/\">Oracol<\/a> (Gura Mare), <a href=\"https:\/\/www.agentiadecarte.ro\/2024\/01\/daca-lectura-acestui-interviu-dureaza-15-minute-sa-zicem-atunci-aproximativ-250000-de-gaini-au-fost-omorate-doar-in-sua-in-acest-timp.html\">Interviu<\/a> (Agen\u021bia De Carte).<\/p>\n<p>Reviews and mentions: <a href=\"https:\/\/www.lato.ro\/irodalmi-mu\/lehetseges-egy-masik-vilag-ahol-minden-egyes-leny-szerencses-maria-martelli-cea-mai-norocoasa-fiinta-c--koteterol\">Recenzie<\/a> de N\u00f3ra Ugron (L\u00e1t\u00f3); <a href=\"https:\/\/feministthoughtsorg.wordpress.com\/2024\/04\/10\/cea-mai-norocoasa-fiinta-de-maria-martelli\/\">Recenzie<\/a> de Dana Zetu (Feminist Thoughts); <a href=\"https:\/\/blog.carturesti.ro\/teona-farmatu-o-retrospectiva-critica-a-poeziei-romanesti-din-2023\/\">Retrospectiv\u0103<\/a> 2023 de Teona Farmatu (C\u0103rture\u0219ti); <a href=\"https:\/\/www.alinapurcaru.ro\/2323-2\/\">Recomand\u0103ri<\/a> Gaudeamus de Alina Purcaru; <a href=\"https:\/\/poern.substack.com\/p\/17-my-woundmy-garden?r=3m1dn\">Mini-recenzie<\/a> de Diana Rusu (poezia nu e terapie); \u201e<a href=\"https:\/\/www.poetic.ro\/22-12-2023-ce-te-invata-poezia-din-2023-pentru-directiile-scrisului-in-2024-cele-14-teme-care-reorienteaza-literatura-azi\/\">Ce te \u00eenva\u021b\u0103 poezia din 2023<\/a>&#8221; de R\u0103zvan \u021aupa (poetic.ro), \u201e<a href=\"https:\/\/tebokkai.com\/2024\/11\/20\/schimbarea-jocului\/\">Schimbarea jocului<\/a>&#8221; de Andrei Dobo\u0219.<\/p>\n<p><strong>&#8211;<\/strong><\/p>\n<p>Download &amp; read the book <a href=\"https:\/\/fractalia.ro\/wp-content\/uploads\/2026\/01\/maria-martelli-cea-mai-norocoasa-fiinta-160pag-BT.pdf\">online PDF<\/a> (free) on the publisher website!<\/p>\n<h2>\n\t\t\"The Story of the Sow and of Becoming Human\n\t<\/h2>\n\t<p>Hecate &amp; ELF, 2022<\/p>\n\t\t\t<img decoding=\"async\" loading='false' src=\"http:\/\/mariamartelli.ro\/wp-content\/uploads\/2023\/11\/Untitled-1.png\" alt=\"Povestea Scroafei \u0219i A Devenirii Omului - Cover alb. Basm Antispeciist. Literatur\u0103 pentru copii.\" \/>\t\t\t\n\t\t\t<img decoding=\"async\" loading='false' src=\"http:\/\/mariamartelli.ro\/wp-content\/uploads\/2024\/02\/e-patrat-277720387_303189928561721_7488177693308356849_n.jpg\" alt=\"\" \/>\t\t\t\n\t\t\t<img decoding=\"async\" loading='false' src=\"http:\/\/mariamartelli.ro\/wp-content\/uploads\/2023\/11\/2-insta-aDSC_1145.jpg\" alt=\"Copert\u0103 Povestea Scroafei \u0219i a Devenirii Omului. Carte \u00een iarb\u0103 sub flori galbene.\" \/>\t\t\t\n\t<h5><b><i>\u201eCum s\u0103 faci din porc om? Asta era \u00eentrebarea. C\u0103 din om, porc, era mai u\u0219or.&#8221;<\/i><\/b><\/h5>\n<p>The story follows the adventures of a little girl and her best friend, a pig. The two spend days full of play and laughter in their home village, eating snacks, cabbage pies and potatoes together. One day, however, the little girl learns of the grave danger that awaits the little sow and sets off on a fantastic journey to rescue her.<\/p>\n<p>\"The Story of the Sow and Becoming a Human\" is a children's fairy tale written by Maria Martelli, illustrated by Otilia Jakab and edited by people from the Queer Vegan Community (CVQ). It first appeared online on the Literature and Feminism platform and was later published by Hecate (2022).<\/p>\n\t\t\t<em>Such a beautifully written story with an ending that made me cry.<\/em><strong>Hestia Delibas<\/strong>\u00a0\u00a0<em>If I had read this fairy tale when I was younger, I would have picked up reading much sooner<\/em><em>, but it's not too late to read it no matter what age!<\/em><br \/><em>Please, please read it!!!<\/em><strong>Sandra Saade<\/strong>\t\t\n\t\t\t<p><em>The most beautiful story I've read, I don't know if in my lifetime, but in the last many years for sure!<\/em><b>N\u00f3ra Ugron<\/b><\/p>\t\t\n\t<p>anthologies &amp; zines<\/p>\n\t<p><b>texte<\/b><\/p>\n<p><b>2023 <\/b>C\u00e2teva chestiuni care \u00eel privesc (\u0219i) pe ursul brun, <a href=\"https:\/\/pagini-libere.ro\/zine\/turma-zina-comunitatii-vegane-queer-2\/\"><i>TURMA! #2 Zina Comunit\u0103\u021bii Vegane Queer<\/i><\/a><i>, <\/i>Pagini Libere<i>\u00a0<\/i><\/p>\n<p><b>2023 <\/b>32%; Lista, <a href=\"https:\/\/pagini-libere.ro\/zine\/zilele-muncii-corpurile-muncitoare-cenaclul-x\/\"><i>Zilele muncii, corpurile muncitoare. Poeme din Cenaclul X<\/i><\/a><i>, <\/i>Pagini Libere<i>\u00a0<\/i><\/p>\n<p><b>2022 <\/b>Povestea calului \u0219i a fr\u00e2ielor noastre; Var\u0103, \u00een sf\u00e2r\u0219it, <a href=\"https:\/\/p-u-n-c-h.ro\/misc\/luminisuri-antologie-de-literatura-queer-ecologic\/\" target=\"_blank\" rel=\"noopener\"><i>Lumini\u0219uri. Antologie de literatur\u0103 queer ecologic\u0103 de Cenaclul X<\/i><\/a><\/p>\n<p><b>2022 <\/b>O mic\u0103 dup\u0103mas\u0103; Cauza feliilor, <a href=\"https:\/\/art200.ro\/madzine-iii\/\"><i>Mad Zine III\u00a0<\/i><\/a><\/p>\n<p><b>2021 <\/b>Cei ce tr\u0103iesc \u00een Zenter, <a href=\"https:\/\/literaturasifeminism.wordpress.com\/2021\/10\/04\/descarcati-gratuit-e-book-ul-adaposturi-antologie-queer-de-cenaclul-x\/\"><i>Ad\u0103posturi &#8211; Antologie queer de Cenaclul X<\/i><\/a><i>, <\/i>Editura pentru Literatur\u0103 \u0219i Feminism<\/p>\n<p><b>2021 <\/b>O zi pe s\u0103pt\u0103m\u00e2n\u0103; Desc\u00e2ntec pentru anxietate, <a href=\"https:\/\/art200.ro\/madzine-ii\/\"><i>Mad Zine II\u00a0<\/i><\/a><\/p>\n<p><b>2019 <\/b>Fiicele V\u00e2n\u0103torilor, <i>Lumile Noastre Posibile<\/i>, <a href=\"https:\/\/literaturasifeminism.wordpress.com\/2020\/01\/28\/e-book-lumile-noastre-posibile-antologie-de-proza-speculativa-queer-feminista\/\">Editura pentru Literatur\u0103 \u0219i Feminism<\/a> \u0219i Hecate<\/p>\n\t<p><b>coordonare<\/b><\/p>\n<p><b>2024\u00a0<\/b> Coord. \u00a0oana ciobanu, Paul-Daniel Golban, Maria Martelli, Ilinca M\u0103nescu, pati murg, Gabriela Oprea, Veda Popovici, Flavius Sindie, N\u00f3ra Ugron, oana ungureanu, <i><a href=\"https:\/\/www.pisica-neagra.ro\/produse-161\/tranzi%C8%9Bii.html\">Tranzi\u021bii<\/a>. <\/i><i>Antologie queer est-european\u0103 de Cenaclul X<\/i><\/p>\n<p><b>2023\u00a0<\/b> Coord. Maria Martelli, <a href=\"https:\/\/pagini-libere.ro\/zine\/zilele-muncii-corpurile-muncitoare-cenaclul-x\/\"><i>Zilele muncii, corpurile muncitoare. Poeme din Cenaclul X<\/i><\/a><i>, <\/i>Pagini Libere<i>\u00a0<\/i><\/p>\n<p><b>2022\u00a0<\/b> Coord. Maria Martelli, N\u00f3ra Ugron, Corina Preda, Ceza Bularca, <a href=\"https:\/\/p-u-n-c-h.ro\/misc\/luminisuri-antologie-de-literatura-queer-ecologic\/\" target=\"_blank\" rel=\"noopener\"><i>Lumini\u0219uri. Antologie de literatur\u0103 queer ecologic\u0103 de Cenaclul X,<\/i><\/a><\/p>\n\t<p>poems<\/p>\n\t<p><b>2023 <\/b><a href=\"https:\/\/literaturasifeminism.wordpress.com\/2023\/04\/09\/poeme-de-primavara-de-maria-martelli\/\">Sigur c\u0103; S\u0103 creasc\u0103 \u0219i s\u0103 rodeasc\u0103; Rug\u0103ciunea celei necredincioase<\/a>, Literatur\u0103 \u0219i Feminism<\/p>\n<p><b>2022 <\/b><a href=\"https:\/\/literaturasifeminism.wordpress.com\/2022\/05\/24\/poeme-de-maria-martelli\/\">Bine ai venit \u00een lumea ProVia\u021b\u0103; Gre\u0219eala,<\/a> Literatur\u0103 \u0219i Feminism<\/p>\n<p><b>2021 <\/b><a href=\"https:\/\/revistaechinox.ro\/2021\/10\/the-state-will-cull-maria-martelli\/\">The State Will Cull,<\/a> Echinox [ENG]<\/p>\n\t<p>prose<\/p>\n\t<p><b>2023 <\/b><a href=\"https:\/\/www.lumiposibile.ro\/scorul-singuratatii\/\">Scorul Singur\u0103t\u0103\u021bii<\/a>, Lumi Posibile<\/p>\n<p><b>2023 <\/b><a href=\"https:\/\/www.lumiposibile.ro\/zece-ani-de-la-incadrare\/\">Zece ani de la \u00cencadrare<\/a>, Lumi Posibile,<\/p>\n<p><b>2023 <\/b><a href=\"https:\/\/laconic.ro\/2023\/02\/13\/cunoasterea-evenimentelor\/\">Cunoa\u0219terea Evenimentelor<\/a>, Laconic<\/p>\n<p><b>2020 <\/b><a href=\"https:\/\/cutra.ro\/pentru-a-ti-gasi-numele\/\">Pentru a-\u021bi g\u0103si numele<\/a>, Cutra<\/p>\n\t\t\t\t<a href=\"http:\/\/mariamartelli.ro\/en\/video-poeme\/\" target=\"_self\" itemprop=\"url\">\n\t\t\t\t<img decoding=\"async\" src=\"http:\/\/mariamartelli.ro\/wp-content\/uploads\/2023\/11\/Sigur-ca-ilustratie.gif\" alt=\"Video-Poeme. Animation with two people in an orange garden with tulips.\" itemprop=\"image\" title=\"Video-Poeme GIF de Mina Mimosa\" onerror=\"this.style.display='none'\"  \/>\n\t\t\t\t<\/a>\n\t\t\t\t\t\tVideo-Poems\n\t<p>some essays &amp; video-essays<\/p>\n\t<p><strong>2025 <\/strong><a href=\"https:\/\/justwondering.io\/total-liberation-breaking-bread-until-we-are-free\/\">Total liberation &#8211; Breaking bread until we are free &#8211;<\/a> just wondering&#8230; [Video] [ENG, subtitrat RO]<\/p>\n<p><strong>2025 <\/strong><a href=\"https:\/\/cutra.ro\/razboiul-ascuns-violenta-impotriva-animalelor-si-constituirea-lumii\/\">R\u0103zboiul ascuns &#8211; violen\u021ba \u00eempotriva animalelor \u0219i constituirea lumii<\/a>, Cutra [Eseu] [RO]<\/p>\n<p><strong>2024 <\/strong><a href=\"https:\/\/justwondering.io\/natural-gas-the-bridge-to-climate-disaster\/\">Natural Gas, The Bridge To Climate Disaster<\/a> &#8211; just wondering&#8230; [Video] [ENG, subtitrat RO]<\/p>\n<strong>2024 <\/strong><a href=\"https:\/\/justwondering.io\/escape-resistance-and-solidarity\/\">Escape, Resistance and Solidarity<\/a><br \/>\n&#8211; Farmed Animal Sanctuaries as the Heart of the Movement &#8211;\u00a0just wondering&#8230; [Video] [ENG, subtitrat RO]\n<p><b>2022 <\/b><a href=\"https:\/\/www.justwondering.io\/care-love-and-grief-in-multispecies-families\/\">Children &amp; Animal Companions: Care, love, and grief in multispecies families<\/a>, just wondering&#8230; [Video] [ENG, subtitrat RO]<\/p>\n<p><b>2021 <\/b><a href=\"https:\/\/www.justwondering.io\/beyond-speciesism-beyond-humanism-beyond\/\">Beyond speciesism, beyond humanism, beyond<\/a>, <i>just wondering&#8230; <\/i>[Video] [RO, subtitrat ENG]<\/p>\n<p><b>2021 <\/b><a href=\"https:\/\/www.justwondering.io\/a-political-theory-of-animal-rights\/\">A political theory of animal rights &#8211; after Sue Donaldson &amp; Will Kymlicka<\/a>, <i>just wondering&#8230; <\/i>[Video] [ENG, subtitrat RO]<\/p>\n<p><b>2021 <\/b><a href=\"https:\/\/cutra.ro\/ordinea-speciei-antispeciisme-catre-alte-lumi\/\">Ordinea Speciei. Antispeciisme c\u0103tre alte lumi<\/a>, Cutra<\/p>\n<p><b>2020 <\/b><a href=\"https:\/\/spectrul.ro\/2020\/06\/11\/cum-poate-fi-veganismul-o-practica-impotriva-opresiunii\/\">Cum poate fi veganismul o practic\u0103 \u00eempotriva opresiunii,<\/a> Spectrul<\/p>\n<p><b>2020 <\/b><a href=\"https:\/\/spectrul.ro\/2020\/06\/03\/de-ce-veganismul-nu-e-doar-o-alegere-personala\/\">De ce veganismul nu e \u201edoar o alegere personal\u0103&#8221;<\/a>, Spectrul<\/p>\n\t<p>translations<\/p>\n\t<p><b>2023 <\/b>Aron Nor, ILC. <a href=\"https:\/\/pagini-libere.ro\/zine\/eliberarea-cainelui-coexistenta-si-rezistenta-schimb-de-idei-antispeciiste-intre-ilc-si-aron-nor\/\">Eliberarea c\u00e2inelui, coexisten\u021b\u0103 \u0219i rezisten\u021b\u0103: schimb de idei antispeciiste \u00eentre ILC \u0219i Aron Nor<\/a>, Pagini libere [RO]<\/p>\n\t<p><b>2023 <\/b>Aron Nor, ILC. <a href=\"https:\/\/www.amazon.it\/liberazione-del-cane-coesistenza-resistenza\/dp\/B0CJRPNTYF\">La liberazione del cane &#8211; coesistenza e resistenza<\/a> [IT]<\/p>\n\t<p><b>2023 <\/b>Aron Nor. <a href=\"http:\/\/www.liberazioni.eu\/liberazioni-n-52\/\">Cani di strada &#8211; nemici dell&#8217;economia socialista, intrusi della civilt\u00e0 occidentale<\/a>, Liberazioni 52 [IT]<\/p>\n<p><b>2022 <\/b>Angela Balzano.\u00a0 <a href=\"https:\/\/posthum.ro\/post-h-um-7-postumanisme\/angela-balzano-pentru-sfarsitul-biocapitalului\/\">Pentru sf\u00e2r\u0219itul biocapitalului, Autodeterminare \u0219i \u00eenrudire postuman\u0103<\/a>, Posthum Journal<\/p>\n<p><b>2021 <\/b>feminoska. <a href=\"https:\/\/posthum.ro\/6-feminisme\/feminoska-privirea-neutra-nu-exista\/\">Privirea neutr\u0103 nu exist\u0103, Antispeciism \u0219i intersec\u021bionalitate. Pentru o politic\u0103 a alian\u021belor<\/a>, Posthum Journal<\/p>\n\t<p>reviews<\/p>\n\t<p><b>2023 <\/b><a href=\"https:\/\/literaturasifeminism.wordpress.com\/2023\/10\/24\/un-cantec-colectiv-recuperari-feministe-nostalgii-politizate-recenzie-de-maria-martelli\/\">Un c\u00e2ntec colectiv &#8211; \u201eCurriculum. Refrene ale recuper\u0103rii \u0219i memoriei&#8221; de M\u0103d\u0103lina Oprea<\/a>, Literatur\u0103 \u0219i Feminism<\/p>\n<p><b>2023 <\/b><a href=\"https:\/\/www.observatorcultural.ro\/articol\/impreuna-diferite-o-explorare-a-posibilitatilor-scrisului-feminist\/\">\u201e\u00eempreun\u0103\/diferite&#8221; &#8211; o explorare a posibilit\u0103\u021bilor scrisului feminist<\/a>. Despre \u201eScrieri feministe&#8221; de Laura Sandu, Observator Cultural<\/p>\n<p><b>2023 <\/b><a href=\"https:\/\/literaturasifeminism.wordpress.com\/2023\/02\/05\/red-pilled-utopia-de-ada-eliane-o-recenzie-de-maria-martelli\/\">Red Pilled Utopia, de Ada Eliane \/\/ o recenzie<\/a>, Literatur\u0103 \u0219i Feminism<\/p>\n<p><b>2022 <\/b><a href=\"https:\/\/posthum.ro\/recenzii\/maria-martelli-multispecies-tunes-to-making-kin-not-reproducing-capitalism\/\">Multispecies tunes to making kin, not reproducing capitalism<\/a>. <i>Per farla finita con la famiglia: dall&#8217;aborto alle parentele postumane, <\/i>Posthum Journal [ENG]<\/p>\n\t<p>For more reviews, you can follow my <a href=\"http:\/\/mariamartelli.ro\/en\/blog\/\" target=\"_blank\" rel=\"noopener\">blog<\/a>, <a href=\"https:\/\/www.instagram.com\/maria.m.martelli\/\" target=\"_blank\" rel=\"noopener\">instagram <\/a>or <a href=\"https:\/\/www.goodreads.com\/user\/show\/5438567-m\" target=\"_blank\" rel=\"noopener\">goodreads<\/a>.<\/p>","protected":false},"excerpt":{"rendered":"<p>cea mai norocoas\u0103 fiin\u021b\u0103 frACTalia, 2023 Ve\u021bi g\u0103si \u00eentre aceste pagini ceea ce \u00eencerc s\u0103 cred: c\u0103 ne putem sim\u021bi, fiecare dintre noi, fiin\u021be norocoase, m\u0103car un timp. Poate c\u0103 nu azi sau m\u00e2ine. Poate c\u0103 am fost sau vom fi. Cur\u00e2nd? Nu \u0219tiu. Dar o dat\u0103 ce suntem \u00een via\u021b\u0103 &#8211; sper c\u0103 exist\u0103&hellip;<\/p>","protected":false},"author":1,"featured_media":0,"parent":0,"menu_order":0,"comment_status":"closed","ping_status":"closed","template":"","meta":{"_monsterinsights_skip_tracking":false,"_monsterinsights_sitenote_active":false,"_monsterinsights_sitenote_note":"","_monsterinsights_sitenote_category":0,"footnotes":""},"class_list":["post-9","page","type-page","status-publish","hentry"],"yoast_head":"<!-- This site is optimized with the Yoast SEO plugin v26.7 - https:\/\/yoast.com\/wordpress\/plugins\/seo\/ -->\n<title>Scris - Maria Martelli<\/title>\n<meta name=\"description\" content=\"C\u00e2teva cuvinte despre volumul meu de poeme \u201ecea mai norocoas\u0103 fiin\u021b\u0103\u201d \u0219i basmul antispeciist \u201ePovestea Scroafei \u0219i a Devenirii Omului\u201d. O list\u0103 cu povestirile, poemele \u0219i antologiile \u00een care au ap\u0103rut textele mele.\" \/>\n<meta name=\"robots\" content=\"index, follow, max-snippet:-1, max-image-preview:large, max-video-preview:-1\" \/>\n<link rel=\"canonical\" href=\"https:\/\/mariamartelli.ro\/en\/scris\/\" \/>\n<meta property=\"og:locale\" content=\"en_US\" \/>\n<meta property=\"og:type\" content=\"article\" \/>\n<meta property=\"og:title\" content=\"Scris - Maria Martelli\" \/>\n<meta property=\"og:description\" content=\"C\u00e2teva cuvinte despre volumul meu de poeme \u201ecea mai norocoas\u0103 fiin\u021b\u0103\u201d \u0219i basmul antispeciist \u201ePovestea Scroafei \u0219i a Devenirii Omului\u201d. O list\u0103 cu povestirile, poemele \u0219i antologiile \u00een care au ap\u0103rut textele mele.\" \/>\n<meta property=\"og:url\" content=\"https:\/\/mariamartelli.ro\/en\/scris\/\" \/>\n<meta property=\"og:site_name\" content=\"Maria Martelli\" \/>\n<meta property=\"article:publisher\" content=\"https:\/\/www.facebook.com\/maria.martelli.3\/\" \/>\n<meta property=\"article:modified_time\" content=\"2026-01-19T11:05:46+00:00\" \/>\n<meta property=\"og:image\" content=\"https:\/\/mariamartelli.ro\/wp-content\/uploads\/2023\/11\/IMG_0914.jpeg\" \/>\n\t<meta property=\"og:image:width\" content=\"1773\" \/>\n\t<meta property=\"og:image:height\" content=\"1773\" \/>\n\t<meta property=\"og:image:type\" content=\"image\/jpeg\" \/>\n<meta name=\"twitter:card\" content=\"summary_large_image\" \/>\n<meta name=\"twitter:site\" content=\"@mistheother\" \/>\n<meta name=\"twitter:label1\" content=\"Est. reading time\" \/>\n\t<meta name=\"twitter:data1\" content=\"8 minutes\" \/>\n<script type=\"application\/ld+json\" class=\"yoast-schema-graph\">{\"@context\":\"https:\/\/schema.org\",\"@graph\":[{\"@type\":\"WebPage\",\"@id\":\"https:\/\/mariamartelli.ro\/scris\/\",\"url\":\"https:\/\/mariamartelli.ro\/scris\/\",\"name\":\"Scris - Maria Martelli\",\"isPartOf\":{\"@id\":\"https:\/\/mariamartelli.ro\/#website\"},\"primaryImageOfPage\":{\"@id\":\"https:\/\/mariamartelli.ro\/scris\/#primaryimage\"},\"image\":{\"@id\":\"https:\/\/mariamartelli.ro\/scris\/#primaryimage\"},\"thumbnailUrl\":\"http:\/\/mariamartelli.ro\/wp-content\/uploads\/2023\/11\/Postari-coperta-fata.png\",\"datePublished\":\"2023-11-13T11:37:56+00:00\",\"dateModified\":\"2026-01-19T11:05:46+00:00\",\"description\":\"C\u00e2teva cuvinte despre volumul meu de poeme \u201ecea mai norocoas\u0103 fiin\u021b\u0103\u201d \u0219i basmul antispeciist \u201ePovestea Scroafei \u0219i a Devenirii Omului\u201d. O list\u0103 cu povestirile, poemele \u0219i antologiile \u00een care au ap\u0103rut textele mele.\",\"breadcrumb\":{\"@id\":\"https:\/\/mariamartelli.ro\/scris\/#breadcrumb\"},\"inLanguage\":\"en-US\",\"potentialAction\":[{\"@type\":\"ReadAction\",\"target\":[\"https:\/\/mariamartelli.ro\/scris\/\"]}]},{\"@type\":\"ImageObject\",\"inLanguage\":\"en-US\",\"@id\":\"https:\/\/mariamartelli.ro\/scris\/#primaryimage\",\"url\":\"http:\/\/mariamartelli.ro\/wp-content\/uploads\/2023\/11\/Postari-coperta-fata.png\",\"contentUrl\":\"http:\/\/mariamartelli.ro\/wp-content\/uploads\/2023\/11\/Postari-coperta-fata.png\"},{\"@type\":\"BreadcrumbList\",\"@id\":\"https:\/\/mariamartelli.ro\/scris\/#breadcrumb\",\"itemListElement\":[{\"@type\":\"ListItem\",\"position\":1,\"name\":\"Prima pagin\u0103\",\"item\":\"https:\/\/mariamartelli.ro\/\"},{\"@type\":\"ListItem\",\"position\":2,\"name\":\"Scris\"}]},{\"@type\":\"WebSite\",\"@id\":\"https:\/\/mariamartelli.ro\/#website\",\"url\":\"https:\/\/mariamartelli.ro\/\",\"name\":\"Maria Martelli\",\"description\":\"scriitoare \u0219i cercet\u0103toare\",\"publisher\":{\"@id\":\"https:\/\/mariamartelli.ro\/#\/schema\/person\/5441fde8a1da90e2c027f3e614520afa\"},\"potentialAction\":[{\"@type\":\"SearchAction\",\"target\":{\"@type\":\"EntryPoint\",\"urlTemplate\":\"https:\/\/mariamartelli.ro\/?s={search_term_string}\"},\"query-input\":{\"@type\":\"PropertyValueSpecification\",\"valueRequired\":true,\"valueName\":\"search_term_string\"}}],\"inLanguage\":\"en-US\"},{\"@type\":[\"Person\",\"Organization\"],\"@id\":\"https:\/\/mariamartelli.ro\/#\/schema\/person\/5441fde8a1da90e2c027f3e614520afa\",\"name\":\"Maria Martelli\",\"image\":{\"@type\":\"ImageObject\",\"inLanguage\":\"en-US\",\"@id\":\"https:\/\/mariamartelli.ro\/#\/schema\/person\/image\/\",\"url\":\"http:\/\/mariamartelli.ro\/wp-content\/uploads\/2023\/11\/cropped-M-avatar-02.png\",\"contentUrl\":\"http:\/\/mariamartelli.ro\/wp-content\/uploads\/2023\/11\/cropped-M-avatar-02.png\",\"width\":512,\"height\":512,\"caption\":\"Maria Martelli\"},\"logo\":{\"@id\":\"https:\/\/mariamartelli.ro\/#\/schema\/person\/image\/\"},\"description\":\"Maria Martelli scrie \u0219i face cercetare mix\u00e2nd teorii queer-feministe \u0219i antispeciiste.\",\"sameAs\":[\"http:\/\/mariamartelli.ro\",\"https:\/\/www.facebook.com\/maria.martelli.3\/\",\"https:\/\/www.instagram.com\/maria.m.martelli\/\",\"https:\/\/x.com\/mistheother\",\"https:\/\/www.youtube.com\/@MariaMartelli\"]}]}<\/script>\n<!-- \/ Yoast SEO plugin. -->","yoast_head_json":{"title":"Scris - Maria Martelli","description":"C\u00e2teva cuvinte despre volumul meu de poeme \u201ecea mai norocoas\u0103 fiin\u021b\u0103\u201d \u0219i basmul antispeciist \u201ePovestea Scroafei \u0219i a Devenirii Omului\u201d. O list\u0103 cu povestirile, poemele \u0219i antologiile \u00een care au ap\u0103rut textele mele.","robots":{"index":"index","follow":"follow","max-snippet":"max-snippet:-1","max-image-preview":"max-image-preview:large","max-video-preview":"max-video-preview:-1"},"canonical":"https:\/\/mariamartelli.ro\/en\/scris\/","og_locale":"en_US","og_type":"article","og_title":"Scris - Maria Martelli","og_description":"C\u00e2teva cuvinte despre volumul meu de poeme \u201ecea mai norocoas\u0103 fiin\u021b\u0103\u201d \u0219i basmul antispeciist \u201ePovestea Scroafei \u0219i a Devenirii Omului\u201d. O list\u0103 cu povestirile, poemele \u0219i antologiile \u00een care au ap\u0103rut textele mele.","og_url":"https:\/\/mariamartelli.ro\/en\/scris\/","og_site_name":"Maria Martelli","article_publisher":"https:\/\/www.facebook.com\/maria.martelli.3\/","article_modified_time":"2026-01-19T11:05:46+00:00","og_image":[{"width":1773,"height":1773,"url":"https:\/\/mariamartelli.ro\/wp-content\/uploads\/2023\/11\/IMG_0914.jpeg","type":"image\/jpeg"}],"twitter_card":"summary_large_image","twitter_site":"@mistheother","twitter_misc":{"Est. reading time":"8 minutes"},"schema":{"@context":"https:\/\/schema.org","@graph":[{"@type":"WebPage","@id":"https:\/\/mariamartelli.ro\/scris\/","url":"https:\/\/mariamartelli.ro\/scris\/","name":"Scris - Maria Martelli","isPartOf":{"@id":"https:\/\/mariamartelli.ro\/#website"},"primaryImageOfPage":{"@id":"https:\/\/mariamartelli.ro\/scris\/#primaryimage"},"image":{"@id":"https:\/\/mariamartelli.ro\/scris\/#primaryimage"},"thumbnailUrl":"http:\/\/mariamartelli.ro\/wp-content\/uploads\/2023\/11\/Postari-coperta-fata.png","datePublished":"2023-11-13T11:37:56+00:00","dateModified":"2026-01-19T11:05:46+00:00","description":"C\u00e2teva cuvinte despre volumul meu de poeme \u201ecea mai norocoas\u0103 fiin\u021b\u0103\u201d \u0219i basmul antispeciist \u201ePovestea Scroafei \u0219i a Devenirii Omului\u201d. O list\u0103 cu povestirile, poemele \u0219i antologiile \u00een care au ap\u0103rut textele mele.","breadcrumb":{"@id":"https:\/\/mariamartelli.ro\/scris\/#breadcrumb"},"inLanguage":"en-US","potentialAction":[{"@type":"ReadAction","target":["https:\/\/mariamartelli.ro\/scris\/"]}]},{"@type":"ImageObject","inLanguage":"en-US","@id":"https:\/\/mariamartelli.ro\/scris\/#primaryimage","url":"http:\/\/mariamartelli.ro\/wp-content\/uploads\/2023\/11\/Postari-coperta-fata.png","contentUrl":"http:\/\/mariamartelli.ro\/wp-content\/uploads\/2023\/11\/Postari-coperta-fata.png"},{"@type":"BreadcrumbList","@id":"https:\/\/mariamartelli.ro\/scris\/#breadcrumb","itemListElement":[{"@type":"ListItem","position":1,"name":"Prima pagin\u0103","item":"https:\/\/mariamartelli.ro\/"},{"@type":"ListItem","position":2,"name":"Scris"}]},{"@type":"WebSite","@id":"https:\/\/mariamartelli.ro\/#website","url":"https:\/\/mariamartelli.ro\/","name":"Maria Martelli","description":"scriitoare \u0219i cercet\u0103toare","publisher":{"@id":"https:\/\/mariamartelli.ro\/#\/schema\/person\/5441fde8a1da90e2c027f3e614520afa"},"potentialAction":[{"@type":"SearchAction","target":{"@type":"EntryPoint","urlTemplate":"https:\/\/mariamartelli.ro\/?s={search_term_string}"},"query-input":{"@type":"PropertyValueSpecification","valueRequired":true,"valueName":"search_term_string"}}],"inLanguage":"en-US"},{"@type":["Person","Organization"],"@id":"https:\/\/mariamartelli.ro\/#\/schema\/person\/5441fde8a1da90e2c027f3e614520afa","name":"Maria Martelli","image":{"@type":"ImageObject","inLanguage":"en-US","@id":"https:\/\/mariamartelli.ro\/#\/schema\/person\/image\/","url":"http:\/\/mariamartelli.ro\/wp-content\/uploads\/2023\/11\/cropped-M-avatar-02.png","contentUrl":"http:\/\/mariamartelli.ro\/wp-content\/uploads\/2023\/11\/cropped-M-avatar-02.png","width":512,"height":512,"caption":"Maria Martelli"},"logo":{"@id":"https:\/\/mariamartelli.ro\/#\/schema\/person\/image\/"},"description":"Maria Martelli scrie \u0219i face cercetare mix\u00e2nd teorii queer-feministe \u0219i antispeciiste.","sameAs":["http:\/\/mariamartelli.ro","https:\/\/www.facebook.com\/maria.martelli.3\/","https:\/\/www.instagram.com\/maria.m.martelli\/","https:\/\/x.com\/mistheother","https:\/\/www.youtube.com\/@MariaMartelli"]}]}},"jetpack_sharing_enabled":true,"_links":{"self":[{"href":"https:\/\/mariamartelli.ro\/en\/wp-json\/wp\/v2\/pages\/9","targetHints":{"allow":["GET"]}}],"collection":[{"href":"https:\/\/mariamartelli.ro\/en\/wp-json\/wp\/v2\/pages"}],"about":[{"href":"https:\/\/mariamartelli.ro\/en\/wp-json\/wp\/v2\/types\/page"}],"author":[{"embeddable":true,"href":"https:\/\/mariamartelli.ro\/en\/wp-json\/wp\/v2\/users\/1"}],"replies":[{"embeddable":true,"href":"https:\/\/mariamartelli.ro\/en\/wp-json\/wp\/v2\/comments?post=9"}],"version-history":[{"count":53,"href":"https:\/\/mariamartelli.ro\/en\/wp-json\/wp\/v2\/pages\/9\/revisions"}],"predecessor-version":[{"id":469,"href":"https:\/\/mariamartelli.ro\/en\/wp-json\/wp\/v2\/pages\/9\/revisions\/469"}],"wp:attachment":[{"href":"https:\/\/mariamartelli.ro\/en\/wp-json\/wp\/v2\/media?parent=9"}],"curies":[{"name":"wp","href":"https:\/\/api.w.org\/{rel}","templated":true}]}}