{"id":64,"date":"2023-11-13T16:27:29","date_gmt":"2023-11-13T14:27:29","guid":{"rendered":"http:\/\/mariamartelli.ro\/?page_id=64"},"modified":"2024-09-17T18:46:50","modified_gmt":"2024-09-17T16:46:50","slug":"porumbei-sanctuare-si-convietuire-multispecii","status":"publish","type":"page","link":"https:\/\/mariamartelli.ro\/en\/porumbei-sanctuare-si-convietuire-multispecii\/","title":{"rendered":"Porumbei, sanctuare \u0219i convie\u021buire multispecii"},"content":{"rendered":"<h1>\n\t\tpigeons, sanctuaries and multispecies coexistence\n\t<\/h1>\n<h2>\n\t\tLooking for ways of multispecies coexistence\n\t<\/h2>\n\t<p>Dup\u0103 ce am terminat masteratul de Cercetare Sociologic\u0103 Avansat\u0103 cu o tez\u0103 critic\u0103 la antropocentrismul din agenda educa\u021biei pentru dezvoltare durabil\u0103, mi-am dorit s\u0103 g\u0103sesc o modalitate de a produce cunoa\u0219tere transformatoare &#8211; cunoa\u0219tere care poate ajuta la cl\u0103direa unei altfel de lumi, re-structurat\u0103 dup\u0103 idei comunitare \u0219i neopresive. Astfel, am \u00eenceput s\u0103 \u00eemi \u00eendrept aten\u021bia spre sanctuarele pentru animale non-umane, cel mai des \u201efoste animale de ferm\u0103&#8221; \u0219i spre poten\u021bialul lor de a sus\u021bine agentivitatea \u0219i eliberarea animalelor. Aceste spa\u021bii refuz\u0103 con\u0219tient antropocentrismul \u0219i speciismul, pun\u00e2nd \u00een practic\u0103 etici ale grijii interspecii. Cu timpul, cercetarea mea s-a focalizat pe rela\u021bia-om porumbel, lucr\u00e2nd \u00een conversa\u021bie cu Silvia Moldovan, \u00eengrijitoare de p\u0103s\u0103ri de peste zece ani, artist\u0103 \u0219i fondatoare a sanctuarului Sepale de l\u00e2ng\u0103 Timi\u0219oara, Rom\u00e2nia.<\/p>\n<p>Rela\u021biile dintre porumbei (columba livia) \u0219i oameni au existat de foarte mult timp, f\u0103c\u00e2nd parte din istoria noastr\u0103 animal\u0103 comun\u0103. De la apari\u021bia societ\u0103\u021bii agricole \u0219i p\u00e2n\u0103 la capitalismul neoliberal \u00een care tr\u0103im, porumbeii au fost implica\u021bi \u00een spa\u021biile \u00een care au tr\u0103it oamenii. Aceast\u0103 rela\u021bie este complex\u0103, pornind de la domesticirea porumbelului de st\u00e2nc\u0103, acum aproximativ cinci mii de ani, p\u00e2n\u0103 la rela\u021bia actual\u0103 de sinantropie, ap\u0103rut\u0103 ca rezultat al unor procese multiple, inclusiv abandonul \u0219i evadarea constant\u0103. \u00cen prezent, spa\u021biul urban este casa porumbeilor, deoarece ace\u0219tia s-au adaptat s\u0103 tr\u0103iasc\u0103 \u00een mici loca\u0219uri similare st\u00e2ncilor, aproape de prezen\u021ba uman\u0103 \u0219i de sursele de hran\u0103. Cu toate acestea, ora\u0219ele sunt spa\u021bii antropocentrice, capitaliste, care privilegiaz\u0103 un anumit tip de fiin\u021b\u0103 \u00een detrimentul tuturor celorlalte. Dac\u0103 \u00eendr\u0103znim s\u0103 privim cu un ochi ecofeminist, postumanist \u0219i antispeciist, putem \u00eencepe s\u0103 punem la \u00eendoial\u0103 dezechilibrul de putere din aceast\u0103 rela\u021bie \u0219i ne putem chiar \u00eentreba mai departe &#8211; cum ar fi dac\u0103 lucrurile nu ar sta a\u0219a? Ce s-ar \u00eent\u00e2mpla dac\u0103 spa\u021biul urban nu numai c\u0103 ar primi porumbeii, ci ar recunoa\u0219te \u00een mod activ caracterul s\u0103u multispecii? Ar putea \u00een\u021belegerea rela\u021biilor noastre cu porumbeii s\u0103 ne spun\u0103 ce a mers gre\u0219it \u00eentre oameni \u0219i alte animale \u0219i &#8211; oare &#8211; ar putea s\u0103 ne ajute s\u0103 ne imagin\u0103m ce putem face pentru a le schimba?<\/p>\n<p><strong>Keywords<\/strong>: multispecies futures, pigeons, ecofeminism, antispeciesism, animal liberation<\/p>\n<h2>\n\t\tCu Timpul, Vei Vedea Cum Cerul Este \u00cendeajuns de Mare [Film]\n\t<\/h2>\n\t<p>Looking into the eyes of the residents of the <a href=\"https:\/\/sepale.ro\/\">Sepale<\/a> ne \u00eentoarcem \u00eenapoi \u00een timp, povestind alambicata istorie a porumbeilor \u00eempreun\u0103 cu oamenii. Domestici\u021bi, abandona\u021bi, sinantropiza\u021bi, s\u0103lbatici\u021bi. Aceste p\u0103s\u0103ri care se trag din dinozauri, au ajuns aprige supravie\u021buitoare ale mediilor urbane &#8211; spa\u021bii complexe, poluate de trafic \u0219i re\u021bele globale de consum. Viitorul planetei se \u00eemparte \u00een c\u00e2teva scenarii prezise de exper\u021bi climatici. Ce \u00eenseamn\u0103 acestea pentru sinantropi &#8211; cei ce tr\u0103iesc al\u0103turi de om? Dac\u0103 trecutul e o (non)fic\u021biune \u0219tiin\u021bific\u0103 scris\u0103 \u00een fosile \u0219i roci, cum putem accesa viitorul? Iar cel ce \u00eel cunoa\u0219te, acceseaz\u0103, schimb\u0103, ar trebui s\u0103 fie tot anthroposul solitar? Istoria noastr\u0103 cu porumbeii ne arat\u0103 c\u0103 nu am fost niciodat\u0103 singuri. Ea ne arat\u0103 o posibil\u0103 viziune a unui alt anthropos, cel solidar. <\/p>\n<p>A film by <a href=\"https:\/\/silviamoldovan.art\/\" target=\"_blank\" rel=\"noopener\">Silvia Moldovan<\/a> &amp; Maria Martelli.<\/p>\n\t\t\t\t<img loading=\"lazy\" decoding=\"async\" src=\"http:\/\/mariamartelli.ro\/wp-content\/uploads\/2023\/11\/20.jpg\" alt=\"Cadru din filmul Cu timpul. Camp \u0219i cer.\" itemprop=\"image\" height=\"1080\" width=\"1920\" title=\"Cadru din filmul Cu timpul\" onerror=\"this.style.display='none'\"  \/>\n\t\t\t\t<img loading=\"lazy\" decoding=\"async\" src=\"http:\/\/mariamartelli.ro\/wp-content\/uploads\/2023\/11\/35.jpg\" alt=\"Cadru din filmul Cu timpul. Porumbel close up.\" itemprop=\"image\" height=\"1080\" width=\"1920\" title=\"Cadru din filmul Cu timpul 3\" onerror=\"this.style.display='none'\"  \/>\n\t\t\t\t<img loading=\"lazy\" decoding=\"async\" src=\"http:\/\/mariamartelli.ro\/wp-content\/uploads\/2023\/11\/50.jpg\" alt=\"Cadru din filmul Cu timpul. C\u00e2mp \u0219i cer.\" itemprop=\"image\" height=\"1080\" width=\"1920\" title=\"Cadru din filmul Cu timpul 4\" onerror=\"this.style.display='none'\"  \/>\n\t<p><b>2023<\/b> <a href=\"https:\/\/speculamag.com\/the-loud-ocean-and-in-time-you-will-see-how-the-sky-is-great-enoughthe-loud-ocean\/\"><i>In Time, You Will See How The Sky Is Great Enough<\/i><\/a>, 1920&#215;1080, 11:18. Short film in collaboration with Silvia Moldovan; Specula Magazine [ENG]<\/p>\n<p>&nbsp;<\/p>\n\t<p><b>2023<\/b>\u00a0 <a href=\"https:\/\/www.youtube.com\/watch?v=cznoOzQKb3k\">In Time, You Will See How The Sky Is Great Enough<\/a>, 1920&#215;1080, 11:18. Film scurt \u00een colaborare cu Silvia Moldovan. [RO]<\/p>\n\t\t\t\t<img loading=\"lazy\" decoding=\"async\" src=\"http:\/\/mariamartelli.ro\/wp-content\/uploads\/2023\/11\/WhatsApp-Image-2022-09-12-at-12.09.07-1.jpeg\" alt=\"Ecran cu film cu porumbei la expozitia Indecis.\" itemprop=\"image\" height=\"1024\" width=\"1024\" title=\"Expo Porumbei Indecis 2\" onerror=\"this.style.display='none'\"  \/>\n\t\t\t\t<img loading=\"lazy\" decoding=\"async\" src=\"http:\/\/mariamartelli.ro\/wp-content\/uploads\/2023\/11\/WhatsApp-Image-2022-09-12-at-12.09.07.jpeg\" alt=\"Ecran cu film cu porumbei la expozitia Indecis.\" itemprop=\"image\" height=\"1024\" width=\"1024\" title=\"Expo Porumbei Indecis 3\" onerror=\"this.style.display='none'\"  \/>\n\t\t\t\t<img loading=\"lazy\" decoding=\"async\" src=\"http:\/\/mariamartelli.ro\/wp-content\/uploads\/2023\/11\/WhatsApp-Image-2022-09-12-at-12.09.07-2.jpeg\" alt=\"Ecran cu film cu porumbei la expozitia Indecis.\" itemprop=\"image\" height=\"1024\" width=\"1024\" title=\"Expo Porumbei Indecis 4\" onerror=\"this.style.display='none'\"  \/>\n\t<p>Fotografii de la expozi\u021bia Cozzzmonautica 2022 &#8211; P\u0103durea Antenelor, Indecis Art Space, Timi\u0219oara.<\/p>\n<h2>\n\t\tPublications\n\t<\/h2>\n\t<p><b>forthcoming<\/b>. Practicing Careful Care &#8211; Towards Animal Liberation for Feral Pigeons and Beyond, in ed. Paula Arcari, Heterotopia, Radical Imagination and Shattering Orders: Manifesting A Future of Liberated Animals. Routledge<\/p>\n\t<p><b>2022 <\/b><a href=\"https:\/\/iscoada.com\/text\/despre-porumbei-si-oameni-in-cautarea-unei-responsabilitati-non-antropocentrice\/\">Despre porumbei \u0219i oameni. \u00cen c\u0103utarea unei responsabilit\u0103\u021bi non-antropocentrice.<\/a> Iscoada [RO]<\/p>\n\t<p><b>2022 <\/b><a href=\"http:\/\/www.liberazioni.eu\/liberazioni-n-48\/\">Quattro domande sul piccione comune e sull&#8217;umanit\u00e0 urbana. Rivendicare responsabilit\u00e0 non antropocentriche<\/a>, Liberazioni nr. 48 [IT]<\/p>\n<h2>\n\t\tPresentations at academic conferences\n\t<\/h2>\n\t<p>2024, August. <em>Care work in multispecies worlds. From exploitation to total liberation<\/em>. Historical Materialism Cluj \/ Kolozsv\u00e1r, Polycrisis across Divides.<\/p>\n<p>2023, November. <em>A political theory of animal rights &#8211; after Sue Donaldson &amp; Will Kymlicka<\/em>, just wondering&#8230; Anthrozoology Symposium: Multispecies Communities and Narratives<\/p>\n<p>2023, October. <em>Collective queer-vegan knowledges &#8211; public vegan sociology and thinking-by-talking-together. <\/em>with Gabriela Oprea as part of CVQ. International Association of Vegan Sociologist Conference: Vegan Intersectionality<\/p>\n<p>2022, October.\u00a0 <i>Anthropocentric histories, animal futures: pigeon-human relationships and the quest for multispecies justice<\/i>. International Association of Vegan Sociologist Conference: Vegan Sociologies of Space and Time<\/p>\n<p>2022, July. <i>Pigeon Places. The force of western practices on pigeon-human relationships in \u201eepigonal Europe&#8221;<\/i>. Non-Western Approaches in Environmental Humanities, University of Warsaw<\/p>\n<p>2022, June. <i>Crafting visions of a city for pigeons speculations on a <\/i><i>non-anthropocentric urban space<\/i>. CoFUTURES: Futures from the Margins, The Science Fiction Research Association Conference<\/p>\n<p>2021, October . <i>Vegan sociology for urban coexistence: a case study of pigeons and the European city<\/i>. International Association of Vegan Sociologist Conference: \u201eThe Promise of Vegan Sociology: Vegan Sociology as a Conduit for Human and Nonhuman Emancipation&#8221;<\/p>\n<p>2021, June. <i>Family as sanctuary, sanctuary as community: two models of multispecies relations for nonhuman animal liberation.<\/i>\u00a0 European Association for Critical Animal Studies Conference &#8216;Appraising Critical Animal Studies&#8217;<\/p>\n<p>2021, June<i>. \u201eOne of them came to us&#8221;: how sanctuaries as spaces of care enable human and nonhuman animals to advocate together<\/i>, The Animal Advocacy Conference, University of Kent<\/p>\n<p>2021, June. <i>A clash of knowledges: nonhuman animals, human care-givers, veterinarians and local villagers<\/i>. 15th SIEF Congress: Breaking the rules? Power, participation and transgression<\/p>\n<p>2020, November. <i>&#8222;The sanctuary is our way of living&#8221;, animal sanctuaries as life-long relationships and embodied knowledge<\/i>. Gender Studies Conference 2020, Tampere University<\/p>\n<p>2020, September. <i>Anthropocentric development. Romania&#8217;s National Strategy for Sustainable Development at the margins of Europe<\/i> \u201eThirty years of capitalist transformations in Central and Eastern Europe&#8221;, Cluj-Napoca<\/p>\n<p>2020, August. <i>More-than-human revolutionary voices &#8211; re-imagining multispecies communities and agency, <\/i>Telciu Summer Conference, 9th Edition &#8211; Decolonizing Revolutions: Social Movements, Spiritualities and Commoning<\/p>\n\t\t\t\t<img loading=\"lazy\" decoding=\"async\" src=\"http:\/\/mariamartelli.ro\/wp-content\/uploads\/2023\/11\/1-DSC_1043-scaled.jpg\" alt=\"Foto cu porc la Sepale\" itemprop=\"image\" height=\"1707\" width=\"2560\" title=\"Foto cu porc la Sepale\" onerror=\"this.style.display='none'\"  \/>\n\t\t\t\t<img loading=\"lazy\" decoding=\"async\" src=\"http:\/\/mariamartelli.ro\/wp-content\/uploads\/2023\/11\/1-DSC_1076-scaled.jpg\" alt=\"Foto cu coco\u0219 la Sepale\" itemprop=\"image\" height=\"1707\" width=\"2560\" title=\"Foto cu coco\u0219 la Sepale\" onerror=\"this.style.display='none'\"  \/>\n\t\t\t\t<img loading=\"lazy\" decoding=\"async\" src=\"http:\/\/mariamartelli.ro\/wp-content\/uploads\/2023\/11\/1-DSC_1058-scaled.jpg\" alt=\"Foto cu porumbel la Sepale\" itemprop=\"image\" height=\"1707\" width=\"2560\" title=\"Foto cu porumbel la Sepale\" onerror=\"this.style.display='none'\"  \/>\n\t<p>Photographs taken at the Sepale sanctuary, Romania, 2022.<\/p>\n\t\t\t<p>\u201eS\u0103 ne amintim c\u0103 porumbeii au fost domestici\u021bi demult, dar \u0219i c\u0103 au evadat domesticirii timp de sute de ani, c\u0103 au fost prin\u0219i \u00een i\u021bele istoriei umane, form\u00e2nd o istorie comun\u0103 cu noi &#8211; transforma\u021bi \u00een carne, \u00een mesajeri, \u00een eroi de r\u0103zboi sau simboluri ai p\u0103cii. Acum, porumbeii tr\u0103iesc \u00een mai toate ora\u0219ele de pe glob, \u00eens\u0103 calit\u0103\u021bile care \u00eei f\u0103ceau, \u00eenainte, pre\u021bio\u0219i \u0219i valoro\u0219i pentru om, \u00eei fac indezirabili pentru ora\u0219ul \u201ecivilizat&#8221;. Fecalele lor nu mai sunt folosite pentru a hr\u0103ni solul, ci sunt v\u0103zute ca gunoaie distrug\u0103toare; capacitatea lor de reproducere rapid\u0103 \u0219i pe tot parcursul anului deranjeaz\u0103, pentru c\u0103 nu mai sunt consuma\u021bi; abilitatea lor de a se adapta la ora\u0219e umane \u0219i a fi g\u0103zdui\u021bi \u00een ele nu mai e apreciat\u0103, ci criticat\u0103.&#8221;Dintr-un manuscris \u00een lucru.<\/p>\t\t\n\t\t\t<p>\u201ePrivind la rela\u021biile noastre de exploatare din trecut, \u00een prezent la rela\u021bia de marginalizare \u0219i invizibilizare, \u0219i \u00eenainte la o posibil\u0103 rela\u021bie de coexisten\u021b\u0103, porumbarul poate func\u021biona ca un simbol de tranzi\u021bie de la violen\u021b\u0103 la crearea unei lumi multispecii. De aceea este at\u00e2t de important s\u0103 privim istoric modul \u00een care a fost folosit \u0219i s\u0103 \u00een\u021belegem c\u0103 arhitectura mai mult dec\u00e2t uman\u0103 nu este deloc inocent\u0103 sau nou\u0103.&#8221;Din \u201ePracticarea unei \u00eengrijiri grijulii &#8211; C\u0103tre eliberarea animalelor pentru porumbei \u0219i nu numai&#8221; (\u00een curs de apari\u021bie)<\/p>","protected":false},"excerpt":{"rendered":"<p>porumbei, sanctuare \u0219i convie\u021buire multispecii C\u0103ut\u00e2nd modalit\u0103\u021bi de convie\u021buire multispecii Dup\u0103 ce am terminat masteratul de Cercetare Sociologic\u0103 Avansat\u0103 cu o tez\u0103 critic\u0103 la antropocentrismul din agenda educa\u021biei pentru dezvoltare durabil\u0103, mi-am dorit s\u0103 g\u0103sesc o modalitate de a produce cunoa\u0219tere transformatoare &#8211; cunoa\u0219tere care poate ajuta la cl\u0103direa unei altfel de lumi, re-structurat\u0103 dup\u0103&hellip;<\/p>","protected":false},"author":1,"featured_media":0,"parent":0,"menu_order":0,"comment_status":"closed","ping_status":"closed","template":"","meta":{"_monsterinsights_skip_tracking":false,"_monsterinsights_sitenote_active":false,"_monsterinsights_sitenote_note":"","_monsterinsights_sitenote_category":0,"footnotes":""},"class_list":["post-64","page","type-page","status-publish","hentry"],"yoast_head":"<!-- This site is optimized with the Yoast SEO plugin v26.7 - https:\/\/yoast.com\/wordpress\/plugins\/seo\/ -->\n<title>Porumbei, sanctuare \u0219i convie\u021buire multispecii - Maria Martelli<\/title>\n<meta name=\"description\" content=\"Un proiect de cercetare antispeciist &amp; sociologic ce urm\u0103re\u0219te posibilit\u0103\u021bi de convie\u021buire multispecii, concentr\u00e2ndu-se pe spa\u021bii urbane \u0219i sanctuare. Din 2020, cercetarea mea a \u00eenceput s\u0103 se concretizeze \u00een jurul rela\u021biei om-porumbel, lurc\u00e2nd \u00een colaborare cu artista &amp; \u00eengrijitoarea de p\u0103s\u0103ri Silvia Moldovan.\" \/>\n<meta name=\"robots\" content=\"index, follow, max-snippet:-1, max-image-preview:large, max-video-preview:-1\" \/>\n<link rel=\"canonical\" href=\"https:\/\/mariamartelli.ro\/en\/porumbei-sanctuare-si-convietuire-multispecii\/\" \/>\n<meta property=\"og:locale\" content=\"en_US\" \/>\n<meta property=\"og:type\" content=\"article\" \/>\n<meta property=\"og:title\" content=\"Porumbei, sanctuare \u0219i convie\u021buire multispecii - Maria Martelli\" \/>\n<meta property=\"og:description\" content=\"Un proiect de cercetare antispeciist &amp; sociologic ce urm\u0103re\u0219te posibilit\u0103\u021bi de convie\u021buire multispecii, concentr\u00e2ndu-se pe spa\u021bii urbane \u0219i sanctuare. Din 2020, cercetarea mea a \u00eenceput s\u0103 se concretizeze \u00een jurul rela\u021biei om-porumbel, lurc\u00e2nd \u00een colaborare cu artista &amp; \u00eengrijitoarea de p\u0103s\u0103ri Silvia Moldovan.\" \/>\n<meta property=\"og:url\" content=\"https:\/\/mariamartelli.ro\/en\/porumbei-sanctuare-si-convietuire-multispecii\/\" \/>\n<meta property=\"og:site_name\" content=\"Maria Martelli\" \/>\n<meta property=\"article:publisher\" content=\"https:\/\/www.facebook.com\/maria.martelli.3\/\" \/>\n<meta property=\"article:modified_time\" content=\"2024-09-17T16:46:50+00:00\" \/>\n<meta property=\"og:image\" content=\"https:\/\/mariamartelli.ro\/wp-content\/uploads\/2023\/11\/1-DSC_1058-scaled.jpg\" \/>\n\t<meta property=\"og:image:width\" content=\"2560\" \/>\n\t<meta property=\"og:image:height\" content=\"1707\" \/>\n\t<meta property=\"og:image:type\" content=\"image\/jpeg\" \/>\n<meta name=\"twitter:card\" content=\"summary_large_image\" \/>\n<meta name=\"twitter:site\" content=\"@mistheother\" \/>\n<meta name=\"twitter:label1\" content=\"Est. reading time\" \/>\n\t<meta name=\"twitter:data1\" content=\"8 minutes\" \/>\n<script type=\"application\/ld+json\" class=\"yoast-schema-graph\">{\"@context\":\"https:\/\/schema.org\",\"@graph\":[{\"@type\":\"WebPage\",\"@id\":\"https:\/\/mariamartelli.ro\/porumbei-sanctuare-si-convietuire-multispecii\/\",\"url\":\"https:\/\/mariamartelli.ro\/porumbei-sanctuare-si-convietuire-multispecii\/\",\"name\":\"Porumbei, sanctuare \u0219i convie\u021buire multispecii - Maria Martelli\",\"isPartOf\":{\"@id\":\"https:\/\/mariamartelli.ro\/#website\"},\"primaryImageOfPage\":{\"@id\":\"https:\/\/mariamartelli.ro\/porumbei-sanctuare-si-convietuire-multispecii\/#primaryimage\"},\"image\":{\"@id\":\"https:\/\/mariamartelli.ro\/porumbei-sanctuare-si-convietuire-multispecii\/#primaryimage\"},\"thumbnailUrl\":\"http:\/\/mariamartelli.ro\/wp-content\/uploads\/2023\/11\/20.jpg\",\"datePublished\":\"2023-11-13T14:27:29+00:00\",\"dateModified\":\"2024-09-17T16:46:50+00:00\",\"description\":\"Un proiect de cercetare antispeciist & sociologic ce urm\u0103re\u0219te posibilit\u0103\u021bi de convie\u021buire multispecii, concentr\u00e2ndu-se pe spa\u021bii urbane \u0219i sanctuare. Din 2020, cercetarea mea a \u00eenceput s\u0103 se concretizeze \u00een jurul rela\u021biei om-porumbel, lurc\u00e2nd \u00een colaborare cu artista & \u00eengrijitoarea de p\u0103s\u0103ri Silvia Moldovan.\",\"breadcrumb\":{\"@id\":\"https:\/\/mariamartelli.ro\/porumbei-sanctuare-si-convietuire-multispecii\/#breadcrumb\"},\"inLanguage\":\"en-US\",\"potentialAction\":[{\"@type\":\"ReadAction\",\"target\":[\"https:\/\/mariamartelli.ro\/porumbei-sanctuare-si-convietuire-multispecii\/\"]}]},{\"@type\":\"ImageObject\",\"inLanguage\":\"en-US\",\"@id\":\"https:\/\/mariamartelli.ro\/porumbei-sanctuare-si-convietuire-multispecii\/#primaryimage\",\"url\":\"http:\/\/mariamartelli.ro\/wp-content\/uploads\/2023\/11\/20.jpg\",\"contentUrl\":\"http:\/\/mariamartelli.ro\/wp-content\/uploads\/2023\/11\/20.jpg\"},{\"@type\":\"BreadcrumbList\",\"@id\":\"https:\/\/mariamartelli.ro\/porumbei-sanctuare-si-convietuire-multispecii\/#breadcrumb\",\"itemListElement\":[{\"@type\":\"ListItem\",\"position\":1,\"name\":\"Prima pagin\u0103\",\"item\":\"https:\/\/mariamartelli.ro\/\"},{\"@type\":\"ListItem\",\"position\":2,\"name\":\"Porumbei, sanctuare \u0219i convie\u021buire multispecii\"}]},{\"@type\":\"WebSite\",\"@id\":\"https:\/\/mariamartelli.ro\/#website\",\"url\":\"https:\/\/mariamartelli.ro\/\",\"name\":\"Maria Martelli\",\"description\":\"scriitoare \u0219i cercet\u0103toare\",\"publisher\":{\"@id\":\"https:\/\/mariamartelli.ro\/#\/schema\/person\/5441fde8a1da90e2c027f3e614520afa\"},\"potentialAction\":[{\"@type\":\"SearchAction\",\"target\":{\"@type\":\"EntryPoint\",\"urlTemplate\":\"https:\/\/mariamartelli.ro\/?s={search_term_string}\"},\"query-input\":{\"@type\":\"PropertyValueSpecification\",\"valueRequired\":true,\"valueName\":\"search_term_string\"}}],\"inLanguage\":\"en-US\"},{\"@type\":[\"Person\",\"Organization\"],\"@id\":\"https:\/\/mariamartelli.ro\/#\/schema\/person\/5441fde8a1da90e2c027f3e614520afa\",\"name\":\"Maria Martelli\",\"image\":{\"@type\":\"ImageObject\",\"inLanguage\":\"en-US\",\"@id\":\"https:\/\/mariamartelli.ro\/#\/schema\/person\/image\/\",\"url\":\"http:\/\/mariamartelli.ro\/wp-content\/uploads\/2023\/11\/cropped-M-avatar-02.png\",\"contentUrl\":\"http:\/\/mariamartelli.ro\/wp-content\/uploads\/2023\/11\/cropped-M-avatar-02.png\",\"width\":512,\"height\":512,\"caption\":\"Maria Martelli\"},\"logo\":{\"@id\":\"https:\/\/mariamartelli.ro\/#\/schema\/person\/image\/\"},\"description\":\"Maria Martelli scrie \u0219i face cercetare mix\u00e2nd teorii queer-feministe \u0219i antispeciiste.\",\"sameAs\":[\"http:\/\/mariamartelli.ro\",\"https:\/\/www.facebook.com\/maria.martelli.3\/\",\"https:\/\/www.instagram.com\/maria.m.martelli\/\",\"https:\/\/x.com\/mistheother\",\"https:\/\/www.youtube.com\/@MariaMartelli\"]}]}<\/script>\n<!-- \/ Yoast SEO plugin. -->","yoast_head_json":{"title":"Porumbei, sanctuare \u0219i convie\u021buire multispecii - Maria Martelli","description":"Un proiect de cercetare antispeciist & sociologic ce urm\u0103re\u0219te posibilit\u0103\u021bi de convie\u021buire multispecii, concentr\u00e2ndu-se pe spa\u021bii urbane \u0219i sanctuare. Din 2020, cercetarea mea a \u00eenceput s\u0103 se concretizeze \u00een jurul rela\u021biei om-porumbel, lurc\u00e2nd \u00een colaborare cu artista & \u00eengrijitoarea de p\u0103s\u0103ri Silvia Moldovan.","robots":{"index":"index","follow":"follow","max-snippet":"max-snippet:-1","max-image-preview":"max-image-preview:large","max-video-preview":"max-video-preview:-1"},"canonical":"https:\/\/mariamartelli.ro\/en\/porumbei-sanctuare-si-convietuire-multispecii\/","og_locale":"en_US","og_type":"article","og_title":"Porumbei, sanctuare \u0219i convie\u021buire multispecii - Maria Martelli","og_description":"Un proiect de cercetare antispeciist & sociologic ce urm\u0103re\u0219te posibilit\u0103\u021bi de convie\u021buire multispecii, concentr\u00e2ndu-se pe spa\u021bii urbane \u0219i sanctuare. Din 2020, cercetarea mea a \u00eenceput s\u0103 se concretizeze \u00een jurul rela\u021biei om-porumbel, lurc\u00e2nd \u00een colaborare cu artista & \u00eengrijitoarea de p\u0103s\u0103ri Silvia Moldovan.","og_url":"https:\/\/mariamartelli.ro\/en\/porumbei-sanctuare-si-convietuire-multispecii\/","og_site_name":"Maria Martelli","article_publisher":"https:\/\/www.facebook.com\/maria.martelli.3\/","article_modified_time":"2024-09-17T16:46:50+00:00","og_image":[{"width":2560,"height":1707,"url":"https:\/\/mariamartelli.ro\/wp-content\/uploads\/2023\/11\/1-DSC_1058-scaled.jpg","type":"image\/jpeg"}],"twitter_card":"summary_large_image","twitter_site":"@mistheother","twitter_misc":{"Est. reading time":"8 minutes"},"schema":{"@context":"https:\/\/schema.org","@graph":[{"@type":"WebPage","@id":"https:\/\/mariamartelli.ro\/porumbei-sanctuare-si-convietuire-multispecii\/","url":"https:\/\/mariamartelli.ro\/porumbei-sanctuare-si-convietuire-multispecii\/","name":"Porumbei, sanctuare \u0219i convie\u021buire multispecii - Maria Martelli","isPartOf":{"@id":"https:\/\/mariamartelli.ro\/#website"},"primaryImageOfPage":{"@id":"https:\/\/mariamartelli.ro\/porumbei-sanctuare-si-convietuire-multispecii\/#primaryimage"},"image":{"@id":"https:\/\/mariamartelli.ro\/porumbei-sanctuare-si-convietuire-multispecii\/#primaryimage"},"thumbnailUrl":"http:\/\/mariamartelli.ro\/wp-content\/uploads\/2023\/11\/20.jpg","datePublished":"2023-11-13T14:27:29+00:00","dateModified":"2024-09-17T16:46:50+00:00","description":"Un proiect de cercetare antispeciist & sociologic ce urm\u0103re\u0219te posibilit\u0103\u021bi de convie\u021buire multispecii, concentr\u00e2ndu-se pe spa\u021bii urbane \u0219i sanctuare. Din 2020, cercetarea mea a \u00eenceput s\u0103 se concretizeze \u00een jurul rela\u021biei om-porumbel, lurc\u00e2nd \u00een colaborare cu artista & \u00eengrijitoarea de p\u0103s\u0103ri Silvia Moldovan.","breadcrumb":{"@id":"https:\/\/mariamartelli.ro\/porumbei-sanctuare-si-convietuire-multispecii\/#breadcrumb"},"inLanguage":"en-US","potentialAction":[{"@type":"ReadAction","target":["https:\/\/mariamartelli.ro\/porumbei-sanctuare-si-convietuire-multispecii\/"]}]},{"@type":"ImageObject","inLanguage":"en-US","@id":"https:\/\/mariamartelli.ro\/porumbei-sanctuare-si-convietuire-multispecii\/#primaryimage","url":"http:\/\/mariamartelli.ro\/wp-content\/uploads\/2023\/11\/20.jpg","contentUrl":"http:\/\/mariamartelli.ro\/wp-content\/uploads\/2023\/11\/20.jpg"},{"@type":"BreadcrumbList","@id":"https:\/\/mariamartelli.ro\/porumbei-sanctuare-si-convietuire-multispecii\/#breadcrumb","itemListElement":[{"@type":"ListItem","position":1,"name":"Prima pagin\u0103","item":"https:\/\/mariamartelli.ro\/"},{"@type":"ListItem","position":2,"name":"Porumbei, sanctuare \u0219i convie\u021buire multispecii"}]},{"@type":"WebSite","@id":"https:\/\/mariamartelli.ro\/#website","url":"https:\/\/mariamartelli.ro\/","name":"Maria Martelli","description":"scriitoare \u0219i cercet\u0103toare","publisher":{"@id":"https:\/\/mariamartelli.ro\/#\/schema\/person\/5441fde8a1da90e2c027f3e614520afa"},"potentialAction":[{"@type":"SearchAction","target":{"@type":"EntryPoint","urlTemplate":"https:\/\/mariamartelli.ro\/?s={search_term_string}"},"query-input":{"@type":"PropertyValueSpecification","valueRequired":true,"valueName":"search_term_string"}}],"inLanguage":"en-US"},{"@type":["Person","Organization"],"@id":"https:\/\/mariamartelli.ro\/#\/schema\/person\/5441fde8a1da90e2c027f3e614520afa","name":"Maria Martelli","image":{"@type":"ImageObject","inLanguage":"en-US","@id":"https:\/\/mariamartelli.ro\/#\/schema\/person\/image\/","url":"http:\/\/mariamartelli.ro\/wp-content\/uploads\/2023\/11\/cropped-M-avatar-02.png","contentUrl":"http:\/\/mariamartelli.ro\/wp-content\/uploads\/2023\/11\/cropped-M-avatar-02.png","width":512,"height":512,"caption":"Maria Martelli"},"logo":{"@id":"https:\/\/mariamartelli.ro\/#\/schema\/person\/image\/"},"description":"Maria Martelli scrie \u0219i face cercetare mix\u00e2nd teorii queer-feministe \u0219i antispeciiste.","sameAs":["http:\/\/mariamartelli.ro","https:\/\/www.facebook.com\/maria.martelli.3\/","https:\/\/www.instagram.com\/maria.m.martelli\/","https:\/\/x.com\/mistheother","https:\/\/www.youtube.com\/@MariaMartelli"]}]}},"jetpack_sharing_enabled":true,"_links":{"self":[{"href":"https:\/\/mariamartelli.ro\/en\/wp-json\/wp\/v2\/pages\/64","targetHints":{"allow":["GET"]}}],"collection":[{"href":"https:\/\/mariamartelli.ro\/en\/wp-json\/wp\/v2\/pages"}],"about":[{"href":"https:\/\/mariamartelli.ro\/en\/wp-json\/wp\/v2\/types\/page"}],"author":[{"embeddable":true,"href":"https:\/\/mariamartelli.ro\/en\/wp-json\/wp\/v2\/users\/1"}],"replies":[{"embeddable":true,"href":"https:\/\/mariamartelli.ro\/en\/wp-json\/wp\/v2\/comments?post=64"}],"version-history":[{"count":22,"href":"https:\/\/mariamartelli.ro\/en\/wp-json\/wp\/v2\/pages\/64\/revisions"}],"predecessor-version":[{"id":375,"href":"https:\/\/mariamartelli.ro\/en\/wp-json\/wp\/v2\/pages\/64\/revisions\/375"}],"wp:attachment":[{"href":"https:\/\/mariamartelli.ro\/en\/wp-json\/wp\/v2\/media?parent=64"}],"curies":[{"name":"wp","href":"https:\/\/api.w.org\/{rel}","templated":true}]}}