{"id":13,"date":"2023-11-13T13:37:46","date_gmt":"2023-11-13T11:37:46","guid":{"rendered":"http:\/\/mariamartelli.ro\/?page_id=13"},"modified":"2024-10-15T12:06:26","modified_gmt":"2024-10-15T10:06:26","slug":"ateliere-discutii","status":"publish","type":"page","link":"https:\/\/mariamartelli.ro\/en\/ateliere-discutii\/","title":{"rendered":"Workshops &amp; talks"},"content":{"rendered":"<img loading=\"lazy\" decoding=\"async\" src=\"http:\/\/mariamartelli.ro\/wp-content\/uploads\/2023\/11\/Letters-orange-1024x576.png\" alt=\"Letters illustration by Mina Mimosa from just wondering. Orange light, a person writing next to a cat.\" itemprop=\"image\" height=\"576\" width=\"1024\" title=\"Letters-orange-just wondering illustration\" onerror=\"this.style.display='none'\"  \/>\n<h2>\n\t\tAteliere, discu\u021bii &#038; proiec\u021bii\n\t<\/h2>\n\t<p>I have facilitated and participated in various talks, public readings and screenings, many of them in self-organized &amp; anti-authoritarian places. I love this element of openness towards people and exchange of ideas. Below, a small selection of some of the latest events\/talks\/lectures in more publicly known spaces.<\/p>\n\t<h5><b>Workshops<\/b><\/h5>\n<p><strong>2024<\/strong>, October. <a href=\"https:\/\/culturequest.indecis.org\/scoala-pamantului-si-a-apei-o-speculatie-multispecii\/\">Workshop<\/a> \u201e\u0218coala p\u0103m\u00e2ntului \u0219i a apei. O specula\u021bie multispecii&#8221; cu <em>just wondering&#8230; <\/em>and Mina Mimosa within Culture Quest, invited by Indecis artist run, Timi\u0219oara.<\/p>\n<p><strong>2024<\/strong>, July. Workshop on video-essay pre-production within the summer camp<i> Linia Verde<\/i>, a project by <i>Telefonul F\u0103r\u0103 Fir,<\/i> at hypha_etc.<\/p>\n<p><b>2023<\/b>, June. Two writing workshops as part of the Possible Worlds collaborative multimedia speculative workshops, <a href=\"https:\/\/www.lumiposibile.ro\/\" target=\"_blank\" rel=\"noopener\">Lumi Posibile<\/a>, Bucure\u0219ti.<\/p>\n<p><b>2022<\/b>, Martie &#8211; Iunie. Imagining multispecies worlds, ateliere organizate ca parte din<i> just wondering&#8230;<\/i> at Ca Foscari Unviersity, Venice. Find out more about the workshops and the short film that resulted <a href=\"https:\/\/www.justwondering.io\/letters-to-our-multispecies-kin\/\">here<\/a>. You can find the syllabus <a href=\"https:\/\/drive.google.com\/file\/d\/1VCsUETs_q80doh23Oa3LDFaPAMh_3m-1\/view\">here<\/a>.<\/p>\n\t<h5><b>Talks\/discussions<\/b><\/h5>\n<p><b>2024<\/b>, October. <i>Speculative fiction for social change. <\/i>Talk with Carolina Vozian, Andy Andreea &amp; Paula Dunker, within <em>Lumi Posibile<\/em>, at Replika, Bucharest<\/p>\n<p><b>2023<\/b>, May. <i>What&#8217;s doom got to do with animality? <\/i>. Artist talk as part of<i> just wondering&#8230;<\/i>, Matca Artspace, Cluj-Napoca<\/p>\n<p><b>2022<\/b>, July. <i>the (future) garden is gratitude<\/i>. Artist talk as part of<i> just wondering&#8230;<\/i>\u00a0 at Indecis, Timi\u0219oara<\/p>\n<p><b>2022<\/b>, January. <i>Wild things: despre ecofeminism<\/i>. Workshop organized by AIVI<\/p>\n\t<h5><b>Screenings<\/b><\/h5>\n<b>2024,<\/b> Octombrie. Proiec\u021bie &amp; discu\u021bie \u201eNatural Gas &#8211; The bridge to climate disaster&#8221; de <em>just wondering&#8230; <\/em>al\u0103turi de Gastivists \u00een cadrul \u201eCamera Comun\u0103&#8221;; Arthub X, Bucure\u0219ti<b><br \/>\n<\/b>\n<p><b>2023<\/b>, October. Screenings <i>just wondering&#8230;<\/i> within the art exhibition  Porous Matter, Meta Spa\u021biu, Timi\u0219oara<\/p>\n<p><b>2022<\/b>, September. <i>Imagining multispecies worlds<\/i>. Screening &amp; discussion as part of <i>just wondering&#8230;<\/i>, Teatro Ca Foscari, Venice<\/p>\n<p><b>2021<\/b>, August-September. Screenings <i>just wondering&#8230;<\/i> within the art exhibition The Apocalypse of The White Elephant, Baroque Palace, Timi\u0219oara<\/p>\n<h2>\n\t\tWriting exercises\n\t<\/h2>\n\t<h4>Everyday food<\/h4>\n<p>We interact with food several times a day, every day, but when we find it in poetry, how do we find it? How is food talked about in the literary universe, when is it talked about? When food appears in poetry, what emotions does it bring with it? How do we write critically about our relationship with food?<\/p>\n<p>I held this workshop during a meeting with the literary Cenacle X, where I proposed for reading <a href=\"https:\/\/docs.google.com\/document\/d\/16YLkFvT755LFZvKnDRVQ_EswkdKt2v_xzNup0yFZSDs\/edit?usp=sharing\" target=\"_blank\" rel=\"noopener\">the following selection of poems <\/a>(in Romanian and English). You can also find them here for your inspiration.<\/p>\n\t\t\t\t\t<a href=\"javascript:void(0);\" id=\"fl-accordion--label-0\" tabindex=\"0\" aria-controls=\"fl-accordion--panel-0\">Guiding questions<\/a>\n\t\t\t\t\t\t\t\t\t\t\t<a href=\"#\" id=\"fl-accordion--icon-0\" tabindex=\"-1\" aria-controls=\"fl-accordion--panel-0\"><i>Expand<\/i><\/a>\n\t\t\t\t\t<ul>\n<li>Think of a dish, either from childhood or the present, to which you feel a strong attachment or emotion. Where does it come from? What does that dish mean? Is it who makes it, or the space in which it is eaten? Is it a negative or positive emotion?<\/li>\n<li>What are the differences between what the food looks like on the plate and the journey it takes to get there? Who produces it? Who harvests it? What connections are made between these, and how might they be more ethical? If we are thinking about products that involve the killing of animals, how do we talk\/write about it? How can we interact with the emotions of comfort, for example, that come with foods that inevitably involve violence (meat, milk, eggs, etc.)?<\/li>\n<li>M\u00e2ncatul ca act de explorare a propriului corp \u00een contact cu exteriorul. M\u00e2ncatul ca act cu poten\u021bial erotic. Gustul, textura, mirosul &#8211; o explorare a sim\u021burilor.<\/li>\n<li>Sharing food as a communal gesture, joy, celebration, the way food brings us together, or, at the opposite pole, the way food (and its consumption) divides us (for example, the idea of feminist\/queer\/vegan killjoy around the traditional meal).<\/li>\n<li>Traditional foods, local foods and urban-rural differences in food preparation and food contact. How is violence hidden behind tradition, how is it invisibilised or justified by it? We can think of Easter meals involving the killing of lambs and the eating of eggs, or Christmas meals. We can also consider the prevalence of Orthodox fasting and the discourses surrounding it, think about our constitution as Eastern European subjects through contact with regional food and cultural practices here.<\/li>\n<li>The production of food, either through cultivation or the act of cooking. What kind of work is this, and for whom? How do we learn to do it? How do we relate to it? What emotions does it evoke in us?<\/li>\n<\/ul>\n\t\t\t\t\t<a href=\"javascript:void(0);\" id=\"fl-accordion--label-1\" tabindex=\"0\" aria-controls=\"fl-accordion--panel-1\">After writing<\/a>\n\t\t\t\t\t\t\t\t\t\t\t<a href=\"#\" id=\"fl-accordion--icon-1\" tabindex=\"-1\" aria-controls=\"fl-accordion--panel-1\"><i>Expand<\/i><\/a>\n\t\t\t\t\t<p>What was the writing process like? Was it arduous, or easy?<\/p>\n<p>What form did your writing take? Did you go for a familiar form, or did you try something that surprised you?<\/p>\n<p>How did your body feel, how did you access the memory of taste through your body?<\/p>\n\t<h4>Objects from the future<\/h4>\n<p>The objects around us are artefacts of the society we live in. They exist at the intersection of social, economic, ecological and historical contexts. Their design is not innocent, but takes into account certain voices, certain purposes. So objects can enable or disable, allow certain actions for some bodies and hinder them for others. A door, for example, may be easy for an abled adult to open, but harder for a child or a pigeon to operate. For an exploration of the link between animal liberation and the disability rights movement, I recommend watching this <a href=\"https:\/\/www.justwondering.io\/animal-disability-liberation-with-sunaura-taylor\/\">video-essay.<\/a><\/p>\n<p>&nbsp;<\/p>\n<p>How can we look at material objects and infrastructures around us, keeping in mind what they make possible, and what they make impossible? You can start from the simple things in front of you.<\/p>\n\t\t\t\t\t<a href=\"javascript:void(0);\" id=\"fl-accordion--label-0\" tabindex=\"0\" aria-controls=\"fl-accordion--panel-0\">Through writing, explore<\/a>\n\t\t\t\t\t\t\t\t\t\t\t<a href=\"#\" id=\"fl-accordion--icon-0\" tabindex=\"-1\" aria-controls=\"fl-accordion--panel-0\"><i>Expand<\/i><\/a>\n\t\t\t\t\t<ul>\n<li>An instruction manual, a technical or poetic description of a future object. What purpose does it serve? Who produces it and how? How do people come into possession of it? Who has it?<\/li>\n<li>An instruction manual, technical or poetic description of an object from the present seen by someone from a utopian future. What purpose does it serve? Who produces it and how? How do people come into possession of it? Who has it?<\/li>\n<\/ul>\n<p>If you want, you can set a 35-minute timer.<\/p>\n\t\t\t\t\t<a href=\"javascript:void(0);\" id=\"fl-accordion--label-1\" tabindex=\"0\" aria-controls=\"fl-accordion--panel-1\">After writing<\/a>\n\t\t\t\t\t\t\t\t\t\t\t<a href=\"#\" id=\"fl-accordion--icon-1\" tabindex=\"-1\" aria-controls=\"fl-accordion--panel-1\"><i>Expand<\/i><\/a>\n\t\t\t\t\t<p>Which exercise appealed to you more? Which was easier for you, looking at the present with foreign eyes, or imagining the future?<\/p>\n<p>How did you choose your object, for whom did you choose it?<\/p>\n<p>What form did your writing take? Did you use familiar language, or language unfamiliar to you?<\/p>\n\t<h4>A relatively easy list<\/h4>\n<p>Un joc despre tine, ca un oracol din copil\u0103rie. Un exerci\u021biu scurt, de maxim 5 &#8211; 10 minute.<\/p>\n\t\t\t\t\t<a href=\"javascript:void(0);\" id=\"fl-accordion--label-0\" tabindex=\"0\" aria-controls=\"fl-accordion--panel-0\">Through writing, explore<\/a>\n\t\t\t\t\t\t\t\t\t\t\t<a href=\"#\" id=\"fl-accordion--icon-0\" tabindex=\"-1\" aria-controls=\"fl-accordion--panel-0\"><i>Expand<\/i><\/a>\n\t\t\t\t\t<ul>\n<li aria-level=\"1\">What you dream of<\/li>\n<li aria-level=\"1\">What you wrote last (the last text)<\/li>\n<li aria-level=\"1\">What are you writing now, or what would you like to write<\/li>\n<li aria-level=\"1\">Something strange or sweet about yourself<\/li>\n<li aria-level=\"1\">A belief that is important to you<\/li>\n<li aria-level=\"1\">Something you would put in your CV<\/li>\n<li aria-level=\"1\">What you would most like to do<\/li>\n<li aria-level=\"1\">With whom and\/or where, in what context you live<\/li>\n<\/ul>\n\t\t\t\t\t<a href=\"javascript:void(0);\" id=\"fl-accordion--label-1\" tabindex=\"0\" aria-controls=\"fl-accordion--panel-1\">After writing<\/a>\n\t\t\t\t\t\t\t\t\t\t\t<a href=\"#\" id=\"fl-accordion--icon-1\" tabindex=\"-1\" aria-controls=\"fl-accordion--panel-1\"><i>Expand<\/i><\/a>\n\t\t\t\t\t<p>How did it feel to complete the list?<\/p>\n<p>Did it go fast, or slow?<\/p>\n<p>What was most difficult, if anything?<\/p>\n<p>&nbsp;<\/p>\n<p>We often find it hard to write about ourselves, to present ourselves as writers and to own that. I've come up with a relatively easy list that can be shaped to one's desires and, put together, makes a decent bio, just in case you need it. I think it can also work for artists, researchers, or anyone with a bit of imposter syndrome.<\/p>\n<p>&nbsp;<\/p>\n<p>&nbsp;<\/p>","protected":false},"excerpt":{"rendered":"<p>Ateliere, discu\u021bii &#038; proiec\u021bii Am facilitat \u0219i participat la diverse discu\u021bii, lecturi publice \u0219i proiec\u021bii, multe din ele \u00een locuri auto-organizate &amp; anti-autoritare. \u00cemi place mult acest element de deschidere \u00eenspre oameni \u0219i schimb de idei. Mai jos, o mic\u0103 selec\u021bie a c\u00e2torva din ultimele evenimente\/discu\u021bii\/ateliere din spa\u021biile mai cunoscute public. Ateliere 2024, Octombrie. Atelier&hellip;<\/p>","protected":false},"author":1,"featured_media":0,"parent":0,"menu_order":0,"comment_status":"closed","ping_status":"closed","template":"","meta":{"_monsterinsights_skip_tracking":false,"_monsterinsights_sitenote_active":false,"_monsterinsights_sitenote_note":"","_monsterinsights_sitenote_category":0,"footnotes":""},"class_list":["post-13","page","type-page","status-publish","hentry"],"yoast_head":"<!-- This site is optimized with the Yoast SEO plugin v26.7 - https:\/\/yoast.com\/wordpress\/plugins\/seo\/ -->\n<title>Ateliere &amp; discu\u021bii - Maria Martelli<\/title>\n<meta name=\"description\" content=\"Am facilitat \u0219i participat la diverse discu\u021bii, lecturi publice \u0219i proiec\u021bii, multe din ele \u00een locuri auto-organizate &amp; anti-autoritare. \u00cemi place mult acest element de deschidere \u00eenspre oameni \u0219i schimb de idei. Mai jos, o mic\u0103 selec\u021bie a c\u00e2torva din ultimele evenimente\/discu\u021bii\/ateliere din spa\u021biile mai cunoscute public.\" \/>\n<meta name=\"robots\" content=\"index, follow, max-snippet:-1, max-image-preview:large, max-video-preview:-1\" \/>\n<link rel=\"canonical\" href=\"https:\/\/mariamartelli.ro\/en\/ateliere-discutii\/\" \/>\n<meta property=\"og:locale\" content=\"en_US\" \/>\n<meta property=\"og:type\" content=\"article\" \/>\n<meta property=\"og:title\" content=\"Ateliere &amp; discu\u021bii - Maria Martelli\" \/>\n<meta property=\"og:description\" content=\"Am facilitat \u0219i participat la diverse discu\u021bii, lecturi publice \u0219i proiec\u021bii, multe din ele \u00een locuri auto-organizate &amp; anti-autoritare. \u00cemi place mult acest element de deschidere \u00eenspre oameni \u0219i schimb de idei. Mai jos, o mic\u0103 selec\u021bie a c\u00e2torva din ultimele evenimente\/discu\u021bii\/ateliere din spa\u021biile mai cunoscute public.\" \/>\n<meta property=\"og:url\" content=\"https:\/\/mariamartelli.ro\/en\/ateliere-discutii\/\" \/>\n<meta property=\"og:site_name\" content=\"Maria Martelli\" \/>\n<meta property=\"article:publisher\" content=\"https:\/\/www.facebook.com\/maria.martelli.3\/\" \/>\n<meta property=\"article:modified_time\" content=\"2024-10-15T10:06:26+00:00\" \/>\n<meta property=\"og:image\" content=\"https:\/\/mariamartelli.ro\/wp-content\/uploads\/2023\/11\/Letters-orange-1024x576.png\" \/>\n\t<meta property=\"og:image:width\" content=\"1024\" \/>\n\t<meta property=\"og:image:height\" content=\"576\" \/>\n\t<meta property=\"og:image:type\" content=\"image\/png\" \/>\n<meta name=\"twitter:card\" content=\"summary_large_image\" \/>\n<meta name=\"twitter:site\" content=\"@mistheother\" \/>\n<meta name=\"twitter:label1\" content=\"Est. reading time\" \/>\n\t<meta name=\"twitter:data1\" content=\"7 minutes\" \/>\n<script type=\"application\/ld+json\" class=\"yoast-schema-graph\">{\"@context\":\"https:\/\/schema.org\",\"@graph\":[{\"@type\":\"WebPage\",\"@id\":\"https:\/\/mariamartelli.ro\/ateliere-discutii\/\",\"url\":\"https:\/\/mariamartelli.ro\/ateliere-discutii\/\",\"name\":\"Ateliere & discu\u021bii - Maria Martelli\",\"isPartOf\":{\"@id\":\"https:\/\/mariamartelli.ro\/#website\"},\"primaryImageOfPage\":{\"@id\":\"https:\/\/mariamartelli.ro\/ateliere-discutii\/#primaryimage\"},\"image\":{\"@id\":\"https:\/\/mariamartelli.ro\/ateliere-discutii\/#primaryimage\"},\"thumbnailUrl\":\"http:\/\/mariamartelli.ro\/wp-content\/uploads\/2023\/11\/Letters-orange-1024x576.png\",\"datePublished\":\"2023-11-13T11:37:46+00:00\",\"dateModified\":\"2024-10-15T10:06:26+00:00\",\"description\":\"Am facilitat \u0219i participat la diverse discu\u021bii, lecturi publice \u0219i proiec\u021bii, multe din ele \u00een locuri auto-organizate & anti-autoritare. \u00cemi place mult acest element de deschidere \u00eenspre oameni \u0219i schimb de idei. Mai jos, o mic\u0103 selec\u021bie a c\u00e2torva din ultimele evenimente\/discu\u021bii\/ateliere din spa\u021biile mai cunoscute public.\",\"breadcrumb\":{\"@id\":\"https:\/\/mariamartelli.ro\/ateliere-discutii\/#breadcrumb\"},\"inLanguage\":\"en-US\",\"potentialAction\":[{\"@type\":\"ReadAction\",\"target\":[\"https:\/\/mariamartelli.ro\/ateliere-discutii\/\"]}]},{\"@type\":\"ImageObject\",\"inLanguage\":\"en-US\",\"@id\":\"https:\/\/mariamartelli.ro\/ateliere-discutii\/#primaryimage\",\"url\":\"http:\/\/mariamartelli.ro\/wp-content\/uploads\/2023\/11\/Letters-orange-1024x576.png\",\"contentUrl\":\"http:\/\/mariamartelli.ro\/wp-content\/uploads\/2023\/11\/Letters-orange-1024x576.png\"},{\"@type\":\"BreadcrumbList\",\"@id\":\"https:\/\/mariamartelli.ro\/ateliere-discutii\/#breadcrumb\",\"itemListElement\":[{\"@type\":\"ListItem\",\"position\":1,\"name\":\"Prima pagin\u0103\",\"item\":\"https:\/\/mariamartelli.ro\/\"},{\"@type\":\"ListItem\",\"position\":2,\"name\":\"Ateliere &#038; discu\u021bii\"}]},{\"@type\":\"WebSite\",\"@id\":\"https:\/\/mariamartelli.ro\/#website\",\"url\":\"https:\/\/mariamartelli.ro\/\",\"name\":\"Maria Martelli\",\"description\":\"scriitoare \u0219i cercet\u0103toare\",\"publisher\":{\"@id\":\"https:\/\/mariamartelli.ro\/#\/schema\/person\/5441fde8a1da90e2c027f3e614520afa\"},\"potentialAction\":[{\"@type\":\"SearchAction\",\"target\":{\"@type\":\"EntryPoint\",\"urlTemplate\":\"https:\/\/mariamartelli.ro\/?s={search_term_string}\"},\"query-input\":{\"@type\":\"PropertyValueSpecification\",\"valueRequired\":true,\"valueName\":\"search_term_string\"}}],\"inLanguage\":\"en-US\"},{\"@type\":[\"Person\",\"Organization\"],\"@id\":\"https:\/\/mariamartelli.ro\/#\/schema\/person\/5441fde8a1da90e2c027f3e614520afa\",\"name\":\"Maria Martelli\",\"image\":{\"@type\":\"ImageObject\",\"inLanguage\":\"en-US\",\"@id\":\"https:\/\/mariamartelli.ro\/#\/schema\/person\/image\/\",\"url\":\"http:\/\/mariamartelli.ro\/wp-content\/uploads\/2023\/11\/cropped-M-avatar-02.png\",\"contentUrl\":\"http:\/\/mariamartelli.ro\/wp-content\/uploads\/2023\/11\/cropped-M-avatar-02.png\",\"width\":512,\"height\":512,\"caption\":\"Maria Martelli\"},\"logo\":{\"@id\":\"https:\/\/mariamartelli.ro\/#\/schema\/person\/image\/\"},\"description\":\"Maria Martelli scrie \u0219i face cercetare mix\u00e2nd teorii queer-feministe \u0219i antispeciiste.\",\"sameAs\":[\"http:\/\/mariamartelli.ro\",\"https:\/\/www.facebook.com\/maria.martelli.3\/\",\"https:\/\/www.instagram.com\/maria.m.martelli\/\",\"https:\/\/x.com\/mistheother\",\"https:\/\/www.youtube.com\/@MariaMartelli\"]}]}<\/script>\n<!-- \/ Yoast SEO plugin. -->","yoast_head_json":{"title":"Ateliere & discu\u021bii - Maria Martelli","description":"Am facilitat \u0219i participat la diverse discu\u021bii, lecturi publice \u0219i proiec\u021bii, multe din ele \u00een locuri auto-organizate & anti-autoritare. \u00cemi place mult acest element de deschidere \u00eenspre oameni \u0219i schimb de idei. Mai jos, o mic\u0103 selec\u021bie a c\u00e2torva din ultimele evenimente\/discu\u021bii\/ateliere din spa\u021biile mai cunoscute public.","robots":{"index":"index","follow":"follow","max-snippet":"max-snippet:-1","max-image-preview":"max-image-preview:large","max-video-preview":"max-video-preview:-1"},"canonical":"https:\/\/mariamartelli.ro\/en\/ateliere-discutii\/","og_locale":"en_US","og_type":"article","og_title":"Ateliere & discu\u021bii - Maria Martelli","og_description":"Am facilitat \u0219i participat la diverse discu\u021bii, lecturi publice \u0219i proiec\u021bii, multe din ele \u00een locuri auto-organizate & anti-autoritare. \u00cemi place mult acest element de deschidere \u00eenspre oameni \u0219i schimb de idei. Mai jos, o mic\u0103 selec\u021bie a c\u00e2torva din ultimele evenimente\/discu\u021bii\/ateliere din spa\u021biile mai cunoscute public.","og_url":"https:\/\/mariamartelli.ro\/en\/ateliere-discutii\/","og_site_name":"Maria Martelli","article_publisher":"https:\/\/www.facebook.com\/maria.martelli.3\/","article_modified_time":"2024-10-15T10:06:26+00:00","og_image":[{"width":1024,"height":576,"url":"https:\/\/mariamartelli.ro\/wp-content\/uploads\/2023\/11\/Letters-orange-1024x576.png","type":"image\/png"}],"twitter_card":"summary_large_image","twitter_site":"@mistheother","twitter_misc":{"Est. reading time":"7 minutes"},"schema":{"@context":"https:\/\/schema.org","@graph":[{"@type":"WebPage","@id":"https:\/\/mariamartelli.ro\/ateliere-discutii\/","url":"https:\/\/mariamartelli.ro\/ateliere-discutii\/","name":"Ateliere & discu\u021bii - Maria Martelli","isPartOf":{"@id":"https:\/\/mariamartelli.ro\/#website"},"primaryImageOfPage":{"@id":"https:\/\/mariamartelli.ro\/ateliere-discutii\/#primaryimage"},"image":{"@id":"https:\/\/mariamartelli.ro\/ateliere-discutii\/#primaryimage"},"thumbnailUrl":"http:\/\/mariamartelli.ro\/wp-content\/uploads\/2023\/11\/Letters-orange-1024x576.png","datePublished":"2023-11-13T11:37:46+00:00","dateModified":"2024-10-15T10:06:26+00:00","description":"Am facilitat \u0219i participat la diverse discu\u021bii, lecturi publice \u0219i proiec\u021bii, multe din ele \u00een locuri auto-organizate & anti-autoritare. \u00cemi place mult acest element de deschidere \u00eenspre oameni \u0219i schimb de idei. Mai jos, o mic\u0103 selec\u021bie a c\u00e2torva din ultimele evenimente\/discu\u021bii\/ateliere din spa\u021biile mai cunoscute public.","breadcrumb":{"@id":"https:\/\/mariamartelli.ro\/ateliere-discutii\/#breadcrumb"},"inLanguage":"en-US","potentialAction":[{"@type":"ReadAction","target":["https:\/\/mariamartelli.ro\/ateliere-discutii\/"]}]},{"@type":"ImageObject","inLanguage":"en-US","@id":"https:\/\/mariamartelli.ro\/ateliere-discutii\/#primaryimage","url":"http:\/\/mariamartelli.ro\/wp-content\/uploads\/2023\/11\/Letters-orange-1024x576.png","contentUrl":"http:\/\/mariamartelli.ro\/wp-content\/uploads\/2023\/11\/Letters-orange-1024x576.png"},{"@type":"BreadcrumbList","@id":"https:\/\/mariamartelli.ro\/ateliere-discutii\/#breadcrumb","itemListElement":[{"@type":"ListItem","position":1,"name":"Prima pagin\u0103","item":"https:\/\/mariamartelli.ro\/"},{"@type":"ListItem","position":2,"name":"Ateliere &#038; discu\u021bii"}]},{"@type":"WebSite","@id":"https:\/\/mariamartelli.ro\/#website","url":"https:\/\/mariamartelli.ro\/","name":"Maria Martelli","description":"scriitoare \u0219i cercet\u0103toare","publisher":{"@id":"https:\/\/mariamartelli.ro\/#\/schema\/person\/5441fde8a1da90e2c027f3e614520afa"},"potentialAction":[{"@type":"SearchAction","target":{"@type":"EntryPoint","urlTemplate":"https:\/\/mariamartelli.ro\/?s={search_term_string}"},"query-input":{"@type":"PropertyValueSpecification","valueRequired":true,"valueName":"search_term_string"}}],"inLanguage":"en-US"},{"@type":["Person","Organization"],"@id":"https:\/\/mariamartelli.ro\/#\/schema\/person\/5441fde8a1da90e2c027f3e614520afa","name":"Maria Martelli","image":{"@type":"ImageObject","inLanguage":"en-US","@id":"https:\/\/mariamartelli.ro\/#\/schema\/person\/image\/","url":"http:\/\/mariamartelli.ro\/wp-content\/uploads\/2023\/11\/cropped-M-avatar-02.png","contentUrl":"http:\/\/mariamartelli.ro\/wp-content\/uploads\/2023\/11\/cropped-M-avatar-02.png","width":512,"height":512,"caption":"Maria Martelli"},"logo":{"@id":"https:\/\/mariamartelli.ro\/#\/schema\/person\/image\/"},"description":"Maria Martelli scrie \u0219i face cercetare mix\u00e2nd teorii queer-feministe \u0219i antispeciiste.","sameAs":["http:\/\/mariamartelli.ro","https:\/\/www.facebook.com\/maria.martelli.3\/","https:\/\/www.instagram.com\/maria.m.martelli\/","https:\/\/x.com\/mistheother","https:\/\/www.youtube.com\/@MariaMartelli"]}]}},"jetpack_sharing_enabled":true,"_links":{"self":[{"href":"https:\/\/mariamartelli.ro\/en\/wp-json\/wp\/v2\/pages\/13","targetHints":{"allow":["GET"]}}],"collection":[{"href":"https:\/\/mariamartelli.ro\/en\/wp-json\/wp\/v2\/pages"}],"about":[{"href":"https:\/\/mariamartelli.ro\/en\/wp-json\/wp\/v2\/types\/page"}],"author":[{"embeddable":true,"href":"https:\/\/mariamartelli.ro\/en\/wp-json\/wp\/v2\/users\/1"}],"replies":[{"embeddable":true,"href":"https:\/\/mariamartelli.ro\/en\/wp-json\/wp\/v2\/comments?post=13"}],"version-history":[{"count":22,"href":"https:\/\/mariamartelli.ro\/en\/wp-json\/wp\/v2\/pages\/13\/revisions"}],"predecessor-version":[{"id":380,"href":"https:\/\/mariamartelli.ro\/en\/wp-json\/wp\/v2\/pages\/13\/revisions\/380"}],"wp:attachment":[{"href":"https:\/\/mariamartelli.ro\/en\/wp-json\/wp\/v2\/media?parent=13"}],"curies":[{"name":"wp","href":"https:\/\/api.w.org\/{rel}","templated":true}]}}